{"id":29,"date":"2025-07-25T07:47:40","date_gmt":"2025-07-25T07:47:40","guid":{"rendered":"http:\/\/www.verdisseny.cat\/?page_id=29"},"modified":"2025-07-28T11:04:46","modified_gmt":"2025-07-28T11:04:46","slug":"inicio","status":"publish","type":"page","link":"https:\/\/www.verdisseny.cat\/","title":{"rendered":"Inici"},"content":{"rendered":"<p>[et_pb_section fb_built=\u00bb1&#8243; _builder_version=\u00bb4.27.4&#8243; _module_preset=\u00bbdefault\u00bb global_colors_info=\u00bb{}\u00bb][et_pb_row _builder_version=\u00bb4.27.4&#8243; _module_preset=\u00bbdefault\u00bb global_colors_info=\u00bb{}\u00bb][et_pb_column type=\u00bb4_4&#8243; _builder_version=\u00bb4.27.4&#8243; _module_preset=\u00bbdefault\u00bb global_colors_info=\u00bb{}\u00bb][et_pb_gallery gallery_ids=\u00bb33,34,35&#8243; fullwidth=\u00bbon\u00bb _builder_version=\u00bb4.27.4&#8243; _module_preset=\u00bbdefault\u00bb global_colors_info=\u00bb{}\u00bb][\/et_pb_gallery][\/et_pb_column][\/et_pb_row][et_pb_row _builder_version=\u00bb4.27.4&#8243; _module_preset=\u00bbdefault\u00bb global_colors_info=\u00bb{}\u00bb][et_pb_column type=\u00bb4_4&#8243; _builder_version=\u00bb4.27.4&#8243; _module_preset=\u00bbdefault\u00bb global_colors_info=\u00bb{}\u00bb][et_pb_text _builder_version=\u00bb4.27.4&#8243; _module_preset=\u00bbdefault\u00bb hover_enabled=\u00bb0&#8243; global_colors_info=\u00bb{}\u00bb sticky_enabled=\u00bb0&#8243;]<\/p>\n<h2 style=\"text-align: center;\"><strong>Els nostres serveis<\/strong><\/h2>\n<p>[\/et_pb_text][\/et_pb_column][\/et_pb_row][et_pb_row column_structure=\u00bb1_4,1_4,1_4,1_4&#8243; _builder_version=\u00bb4.27.4&#8243; _module_preset=\u00bbdefault\u00bb global_colors_info=\u00bb{}\u00bb][et_pb_column type=\u00bb1_4&#8243; _builder_version=\u00bb4.27.4&#8243; _module_preset=\u00bbdefault\u00bb global_colors_info=\u00bb{}\u00bb][et_pb_image src=\u00bbhttp:\/\/www.verdisseny.cat\/wp-content\/uploads\/2025\/07\/Auxiliares-480&#215;240-1.jpg\u00bb title_text=\u00bbAuxiliares-480&#215;240 (1)\u00bb url=\u00bbhttp:\/\/www.verdisseny.cat\/?page_id=130&#8243; _builder_version=\u00bb4.27.4&#8243; _module_preset=\u00bbdefault\u00bb global_colors_info=\u00bb{}\u00bb][\/et_pb_image][et_pb_text _builder_version=\u00bb4.27.4&#8243; _module_preset=\u00bbdefault\u00bb link_option_url=\u00bbhttp:\/\/www.verdisseny.cat\/?page_id=130&#8243; hover_enabled=\u00bb0&#8243; global_colors_info=\u00bb{}\u00bb sticky_enabled=\u00bb0&#8243;]<\/p>\n<p style=\"text-align: center;\"><strong>Serveis auxiliars<\/strong><\/p>\n<p>[\/et_pb_text][\/et_pb_column][et_pb_column type=\u00bb1_4&#8243; _builder_version=\u00bb4.27.4&#8243; _module_preset=\u00bbdefault\u00bb global_colors_info=\u00bb{}\u00bb][et_pb_image src=\u00bbhttp:\/\/www.verdisseny.cat\/wp-content\/uploads\/2025\/07\/accesos-480&#215;240-1.jpg\u00bb title_text=\u00bbaccesos-480&#215;240&#8243; url=\u00bbhttp:\/\/www.verdisseny.cat\/?page_id=133&#8243; _builder_version=\u00bb4.27.4&#8243; _module_preset=\u00bbdefault\u00bb global_colors_info=\u00bb{}\u00bb][\/et_pb_image][et_pb_text _builder_version=\u00bb4.27.4&#8243; _module_preset=\u00bbdefault\u00bb link_option_url=\u00bbhttp:\/\/www.verdisseny.cat\/?page_id=133&#8243; hover_enabled=\u00bb0&#8243; global_colors_info=\u00bb{}\u00bb sticky_enabled=\u00bb0&#8243;]<\/p>\n<p style=\"text-align: center;\"><strong>Control d&#8217;accessos<\/strong><\/p>\n<p>[\/et_pb_text][\/et_pb_column][et_pb_column type=\u00bb1_4&#8243; _builder_version=\u00bb4.27.4&#8243; _module_preset=\u00bbdefault\u00bb global_colors_info=\u00bb{}\u00bb][et_pb_image src=\u00bbhttp:\/\/www.verdisseny.cat\/wp-content\/uploads\/2025\/07\/mantenimiento-480&#215;240-1.jpg\u00bb title_text=\u00bbmantenimiento-480&#215;240&#8243; url=\u00bbhttp:\/\/www.verdisseny.cat\/?page_id=136&#8243; _builder_version=\u00bb4.27.4&#8243; _module_preset=\u00bbdefault\u00bb global_colors_info=\u00bb{}\u00bb][\/et_pb_image][et_pb_text _builder_version=\u00bb4.27.4&#8243; _module_preset=\u00bbdefault\u00bb link_option_url=\u00bbhttp:\/\/www.verdisseny.cat\/?page_id=136&#8243; hover_enabled=\u00bb0&#8243; global_colors_info=\u00bb{}\u00bb sticky_enabled=\u00bb0&#8243;]<\/p>\n<p style=\"text-align: center;\"><strong>Manteniment<\/strong><\/p>\n<p>[\/et_pb_text][\/et_pb_column][et_pb_column type=\u00bb1_4&#8243; _builder_version=\u00bb4.27.4&#8243; _module_preset=\u00bbdefault\u00bb global_colors_info=\u00bb{}\u00bb][et_pb_image src=\u00bbhttp:\/\/www.verdisseny.cat\/wp-content\/uploads\/2025\/07\/jardineria-480&#215;240-1.jpg\u00bb title_text=\u00bbjardineria-480&#215;240&#8243; url=\u00bbhttp:\/\/www.verdisseny.cat\/?page_id=139&#8243; _builder_version=\u00bb4.27.4&#8243; _module_preset=\u00bbdefault\u00bb global_colors_info=\u00bb{}\u00bb][\/et_pb_image][et_pb_text _builder_version=\u00bb4.27.4&#8243; _module_preset=\u00bbdefault\u00bb link_option_url=\u00bbhttp:\/\/www.verdisseny.cat\/?page_id=139&#8243; hover_enabled=\u00bb0&#8243; global_colors_info=\u00bb{}\u00bb sticky_enabled=\u00bb0&#8243;]<\/p>\n<p style=\"text-align: center;\"><strong>Jardineria<\/strong><\/p>\n<p>[\/et_pb_text][\/et_pb_column][\/et_pb_row][et_pb_row column_structure=\u00bb1_4,1_4,1_4,1_4&#8243; _builder_version=\u00bb4.27.4&#8243; _module_preset=\u00bbdefault\u00bb global_colors_info=\u00bb{}\u00bb][et_pb_column type=\u00bb1_4&#8243; _builder_version=\u00bb4.27.4&#8243; _module_preset=\u00bbdefault\u00bb global_colors_info=\u00bb{}\u00bb][et_pb_image src=\u00bbhttp:\/\/www.verdisseny.cat\/wp-content\/uploads\/2025\/07\/cartonaje001-300&#215;153-1.jpg\u00bb title_text=\u00bbcartonaje001-300&#215;153&#8243; url=\u00bbhttp:\/\/www.verdisseny.cat\/?page_id=142&#8243; _builder_version=\u00bb4.27.4&#8243; _module_preset=\u00bbdefault\u00bb global_colors_info=\u00bb{}\u00bb][\/et_pb_image][et_pb_text _builder_version=\u00bb4.27.4&#8243; _module_preset=\u00bbdefault\u00bb link_option_url=\u00bbhttp:\/\/www.verdisseny.cat\/?page_id=142&#8243; hover_enabled=\u00bb0&#8243; global_colors_info=\u00bb{}\u00bb sticky_enabled=\u00bb0&#8243;]<\/p>\n<p style=\"text-align: center;\"><strong>Manipulats de cartonatge<\/strong><\/p>\n<p>[\/et_pb_text][\/et_pb_column][et_pb_column type=\u00bb1_4&#8243; _builder_version=\u00bb4.27.4&#8243; _module_preset=\u00bbdefault\u00bb global_colors_info=\u00bb{}\u00bb][et_pb_image src=\u00bbhttp:\/\/www.verdisseny.cat\/wp-content\/uploads\/2025\/07\/info-480&#215;240-1.jpg\u00bb title_text=\u00bbinfo-480&#215;240&#8243; url=\u00bbhttp:\/\/www.verdisseny.cat\/?page_id=142&#8243; _builder_version=\u00bb4.27.4&#8243; _module_preset=\u00bbdefault\u00bb global_colors_info=\u00bb{}\u00bb][\/et_pb_image][et_pb_text _builder_version=\u00bb4.27.4&#8243; _module_preset=\u00bbdefault\u00bb link_option_url=\u00bbhttp:\/\/www.verdisseny.cat\/?page_id=142&#8243; hover_enabled=\u00bb0&#8243; global_colors_info=\u00bb{}\u00bb sticky_enabled=\u00bb0&#8243;]<\/p>\n<p style=\"text-align: center;\"><strong>Servei d&#8217;informaci\u00f3<\/strong><\/p>\n<p>[\/et_pb_text][\/et_pb_column][et_pb_column type=\u00bb1_4&#8243; _builder_version=\u00bb4.27.4&#8243; _module_preset=\u00bbdefault\u00bb global_colors_info=\u00bb{}\u00bb][et_pb_image src=\u00bbhttp:\/\/www.verdisseny.cat\/wp-content\/uploads\/2025\/07\/digitalizacion-480&#215;240-1.jpg\u00bb title_text=\u00bbdigitalizacion-480&#215;240&#8243; url=\u00bbhttp:\/\/www.verdisseny.cat\/?page_id=149&#8243; _builder_version=\u00bb4.27.4&#8243; _module_preset=\u00bbdefault\u00bb global_colors_info=\u00bb{}\u00bb][\/et_pb_image][et_pb_text _builder_version=\u00bb4.27.4&#8243; _module_preset=\u00bbdefault\u00bb link_option_url=\u00bbhttp:\/\/www.verdisseny.cat\/?page_id=149&#8243; hover_enabled=\u00bb0&#8243; global_colors_info=\u00bb{}\u00bb sticky_enabled=\u00bb0&#8243;]<\/p>\n<p style=\"text-align: center;\"><strong>Digitalitzaci\u00f3 i Gesti\u00f3 documental<\/strong><\/p>\n<p>[\/et_pb_text][\/et_pb_column][et_pb_column type=\u00bb1_4&#8243; _builder_version=\u00bb4.27.4&#8243; _module_preset=\u00bbdefault\u00bb global_colors_info=\u00bb{}\u00bb][et_pb_image src=\u00bbhttp:\/\/www.verdisseny.cat\/wp-content\/uploads\/2025\/07\/Limpieza002-1-480&#215;237-1.jpg\u00bb title_text=\u00bbLimpieza002-1-480&#215;237&#8243; url=\u00bbhttp:\/\/www.verdisseny.cat\/?page_id=152&#8243; _builder_version=\u00bb4.27.4&#8243; _module_preset=\u00bbdefault\u00bb global_colors_info=\u00bb{}\u00bb][\/et_pb_image][et_pb_text _builder_version=\u00bb4.27.4&#8243; _module_preset=\u00bbdefault\u00bb link_option_url=\u00bbhttp:\/\/www.verdisseny.cat\/?page_id=152&#8243; hover_enabled=\u00bb0&#8243; global_colors_info=\u00bb{}\u00bb sticky_enabled=\u00bb0&#8243;]<\/p>\n<p style=\"text-align: center;\"><strong>Servei de neteja<\/strong><\/p>\n<p>[\/et_pb_text][\/et_pb_column][\/et_pb_row][et_pb_row column_structure=\u00bb2_5,3_5&#8243; _builder_version=\u00bb4.27.4&#8243; _module_preset=\u00bbdefault\u00bb global_colors_info=\u00bb{}\u00bb][et_pb_column type=\u00bb2_5&#8243; _builder_version=\u00bb4.27.4&#8243; _module_preset=\u00bbdefault\u00bb global_colors_info=\u00bb{}\u00bb][et_pb_text _builder_version=\u00bb4.27.4&#8243; _module_preset=\u00bbdefault\u00bb global_colors_info=\u00bb{}\u00bb]<\/p>\n<div class=\"et_pb_module et_pb_text et_pb_text_8  et_pb_text_align_left et_pb_bg_layout_light\">\n<div class=\"et_pb_text_inner\">\n<h3 style=\"text-align: center;\"><strong>Labor social<\/strong><\/h3>\n<\/div>\n<\/div>\n<div class=\"et_pb_module et_pb_text et_pb_text_9  et_pb_text_align_left et_pb_bg_layout_light\">\n<div class=\"et_pb_text_inner\">\n<div class=\"et_pb_module et_pb_text et_pb_text_5  et_pb_text_align_left et_pb_bg_layout_dark\"><\/div>\n<div class=\"et_pb_module et_pb_text et_pb_text_6  et_pb_text_align_left et_pb_bg_layout_light\">\n<div class=\"et_pb_text_inner\">\n<p>La nostra labor social se centra en la integraci\u00f3 laboral de les persones amb discapacitat o en risc d&#8217;exclusi\u00f3 social.<\/p>\n<p>La plantilla de Verdisseny compta amb un alt percentatge de persones en aquesta situaci\u00f3 amb el que els oferim una oportunitat d&#8217;introduir-se en el m\u00f3n laboral.<\/p>\n<p>A trav\u00e9s de la nostra \u00e0mplia xarxa de Centres Especials d&#8217;Ocupaci\u00f3 qualificats en tot el territori nacional ajudem les empreses a complir amb les mesures alternatives plantejades per la Llei General de Discapacitat.<\/p>\n<p>Tota aquesta gesti\u00f3 la fem atenent les normatives establertes pel sistema Compliance amb el qual adquirim un comprom\u00eds de bones pr\u00e0ctiques. El nostre sistema de prevenci\u00f3 i detecci\u00f3 d&#8217;irregularitats ens mant\u00e9 com una empresa compromesa amb les bones pr\u00e0ctiques.<\/p>\n<\/div>\n<\/div>\n<\/div>\n<\/div>\n<p>[\/et_pb_text][et_pb_button button_url=\u00bbhttps:\/\/www.fundacionreintegra.org\/\u00bb url_new_window=\u00bbon\u00bb button_text=\u00bbLabor social\u00bb button_alignment=\u00bbcenter\u00bb _builder_version=\u00bb4.27.4&#8243; _module_preset=\u00bbdefault\u00bb global_colors_info=\u00bb{}\u00bb][\/et_pb_button][\/et_pb_column][et_pb_column type=\u00bb3_5&#8243; _builder_version=\u00bb4.27.4&#8243; _module_preset=\u00bbdefault\u00bb global_colors_info=\u00bb{}\u00bb][et_pb_image src=\u00bbhttp:\/\/www.verdisseny.cat\/wp-content\/uploads\/2025\/07\/Social003.jpg\u00bb title_text=\u00bbSocial003&#8243; align=\u00bbcenter\u00bb _builder_version=\u00bb4.27.4&#8243; _module_preset=\u00bbdefault\u00bb custom_padding=\u00bb75px||||false|false\u00bb global_colors_info=\u00bb{}\u00bb][\/et_pb_image][\/et_pb_column][\/et_pb_row][et_pb_row column_structure=\u00bb1_2,1_2&#8243; _builder_version=\u00bb4.27.4&#8243; _module_preset=\u00bbdefault\u00bb global_colors_info=\u00bb{}\u00bb][et_pb_column type=\u00bb1_2&#8243; _builder_version=\u00bb4.27.4&#8243; _module_preset=\u00bbdefault\u00bb global_colors_info=\u00bb{}\u00bb][et_pb_text _builder_version=\u00bb4.27.4&#8243; _module_preset=\u00bbdefault\u00bb global_colors_info=\u00bb{}\u00bb custom_padding=\u00bb||0px|||\u00bb]<\/p>\n<p>Verdisseny \u00e9s un dels Centres Especials de Treball que formen Grup Osga. Aquest grup empresarial va comen\u00e7ar a treballar en el sector de Facility Services en 1998. La nostra pol\u00edtica empresarial i els nostres valors ens han portat a experimentar un creixement continu, convertint-nos en una de les empreses referents d&#8217;aquest sector en l&#8217;\u00e0mbit nacional.<\/p>\n<p>Tenim una gran agilitat en l&#8217;hora d&#8217;adaptar-nos a les noves necessitats que sorgeixen en els serveis que oferim. D&#8217;aquesta manera treballem m\u00e0 a m\u00e0 amb els nostres clients per a millorar els resultats d&#8217;aquests serveis.<\/p>\n<p>La millora cont\u00ednua \u00e9s el nostre gran objectiu, no ens conformem amb oferir bons resultats sin\u00f3 que a m\u00e9s treballem per a oferir els nostres serveis actualitzant procediments i eines.<\/p>\n<p>[\/et_pb_text][et_pb_button button_url=\u00bbhttp:\/\/www.grupoosga.com\/\u00bb url_new_window=\u00bbon\u00bb button_text=\u00bbGrup Osga\u00bb button_alignment=\u00bbcenter\u00bb _builder_version=\u00bb4.27.4&#8243; _module_preset=\u00bbdefault\u00bb hover_enabled=\u00bb0&#8243; global_colors_info=\u00bb{}\u00bb sticky_enabled=\u00bb0&#8243;][\/et_pb_button][\/et_pb_column][et_pb_column type=\u00bb1_2&#8243; _builder_version=\u00bb4.27.4&#8243; _module_preset=\u00bbdefault\u00bb global_colors_info=\u00bb{}\u00bb][et_pb_image src=\u00bbhttp:\/\/www.verdisseny.cat\/wp-content\/uploads\/2025\/07\/GrupoOsga.png\u00bb title_text=\u00bbGrupoOsga\u00bb _builder_version=\u00bb4.27.4&#8243; _module_preset=\u00bbdefault\u00bb custom_padding=\u00bb75px||||false|false\u00bb global_colors_info=\u00bb{}\u00bb][\/et_pb_image][\/et_pb_column][\/et_pb_row][\/et_pb_section]<\/p>\n","protected":false},"excerpt":{"rendered":"<p>Els nostres serveisServeis auxiliarsControl d&#8217;accessosMantenimentJardineriaManipulats de cartonatgeServei d&#8217;informaci\u00f3Digitalitzaci\u00f3 i Gesti\u00f3 documentalServei de neteja Labor social La nostra labor social se centra en la integraci\u00f3 laboral de les persones amb discapacitat o en risc d&#8217;exclusi\u00f3 social. La plantilla de Verdisseny compta amb un alt percentatge de persones en aquesta situaci\u00f3 amb el que els oferim una [&hellip;]<\/p>\n","protected":false},"author":2,"featured_media":0,"parent":0,"menu_order":0,"comment_status":"closed","ping_status":"closed","template":"","meta":{"_et_pb_use_builder":"on","_et_pb_old_content":"","_et_gb_content_width":"","footnotes":""},"class_list":["post-29","page","type-page","status-publish","hentry"],"yoast_head":"<!-- This site is optimized with the Yoast SEO plugin v27.4 - https:\/\/yoast.com\/product\/yoast-seo-wordpress\/ -->\n<title>Inici - Verdisseny<\/title>\n<meta name=\"robots\" content=\"index, follow, max-snippet:-1, max-image-preview:large, max-video-preview:-1\" \/>\n<link rel=\"canonical\" href=\"https:\/\/www.verdisseny.cat\/\" \/>\n<meta property=\"og:locale\" content=\"es_ES\" \/>\n<meta property=\"og:type\" content=\"article\" \/>\n<meta property=\"og:title\" content=\"Inici - Verdisseny\" \/>\n<meta property=\"og:description\" content=\"Els nostres serveisServeis auxiliarsControl d&#039;accessosMantenimentJardineriaManipulats de cartonatgeServei d&#039;informaci\u00f3Digitalitzaci\u00f3 i Gesti\u00f3 documentalServei de neteja Labor social La nostra labor social se centra en la integraci\u00f3 laboral de les persones amb discapacitat o en risc d&#039;exclusi\u00f3 social. La plantilla de Verdisseny compta amb un alt percentatge de persones en aquesta situaci\u00f3 amb el que els oferim una [&hellip;]\" \/>\n<meta property=\"og:url\" content=\"https:\/\/www.verdisseny.cat\/\" \/>\n<meta property=\"og:site_name\" content=\"Verdisseny\" \/>\n<meta property=\"article:modified_time\" content=\"2025-07-28T11:04:46+00:00\" \/>\n<meta name=\"twitter:card\" content=\"summary_large_image\" \/>\n<meta name=\"twitter:label1\" content=\"Tiempo de lectura\" \/>\n\t<meta name=\"twitter:data1\" content=\"6 minutos\" \/>\n<script type=\"application\/ld+json\" class=\"yoast-schema-graph\">{\"@context\":\"https:\\\/\\\/schema.org\",\"@graph\":[{\"@type\":\"WebPage\",\"@id\":\"https:\\\/\\\/www.verdisseny.cat\\\/\",\"url\":\"https:\\\/\\\/www.verdisseny.cat\\\/\",\"name\":\"Inici - Verdisseny\",\"isPartOf\":{\"@id\":\"https:\\\/\\\/www.verdisseny.cat\\\/#website\"},\"datePublished\":\"2025-07-25T07:47:40+00:00\",\"dateModified\":\"2025-07-28T11:04:46+00:00\",\"breadcrumb\":{\"@id\":\"https:\\\/\\\/www.verdisseny.cat\\\/#breadcrumb\"},\"inLanguage\":\"es\",\"potentialAction\":[{\"@type\":\"ReadAction\",\"target\":[\"https:\\\/\\\/www.verdisseny.cat\\\/\"]}]},{\"@type\":\"BreadcrumbList\",\"@id\":\"https:\\\/\\\/www.verdisseny.cat\\\/#breadcrumb\",\"itemListElement\":[{\"@type\":\"ListItem\",\"position\":1,\"name\":\"Portada\",\"item\":\"https:\\\/\\\/www.verdisseny.cat\\\/\"},{\"@type\":\"ListItem\",\"position\":2,\"name\":\"Inici\"}]},{\"@type\":\"WebSite\",\"@id\":\"https:\\\/\\\/www.verdisseny.cat\\\/#website\",\"url\":\"https:\\\/\\\/www.verdisseny.cat\\\/\",\"name\":\"Verdisseny\",\"description\":\"Facility Services\",\"potentialAction\":[{\"@type\":\"SearchAction\",\"target\":{\"@type\":\"EntryPoint\",\"urlTemplate\":\"https:\\\/\\\/www.verdisseny.cat\\\/?s={search_term_string}\"},\"query-input\":{\"@type\":\"PropertyValueSpecification\",\"valueRequired\":true,\"valueName\":\"search_term_string\"}}],\"inLanguage\":\"es\"}]}<\/script>\n<!-- \/ Yoast SEO plugin. -->","yoast_head_json":{"title":"Inici - Verdisseny","robots":{"index":"index","follow":"follow","max-snippet":"max-snippet:-1","max-image-preview":"max-image-preview:large","max-video-preview":"max-video-preview:-1"},"canonical":"https:\/\/www.verdisseny.cat\/","og_locale":"es_ES","og_type":"article","og_title":"Inici - Verdisseny","og_description":"Els nostres serveisServeis auxiliarsControl d'accessosMantenimentJardineriaManipulats de cartonatgeServei d'informaci\u00f3Digitalitzaci\u00f3 i Gesti\u00f3 documentalServei de neteja Labor social La nostra labor social se centra en la integraci\u00f3 laboral de les persones amb discapacitat o en risc d'exclusi\u00f3 social. La plantilla de Verdisseny compta amb un alt percentatge de persones en aquesta situaci\u00f3 amb el que els oferim una [&hellip;]","og_url":"https:\/\/www.verdisseny.cat\/","og_site_name":"Verdisseny","article_modified_time":"2025-07-28T11:04:46+00:00","twitter_card":"summary_large_image","twitter_misc":{"Tiempo de lectura":"6 minutos"},"schema":{"@context":"https:\/\/schema.org","@graph":[{"@type":"WebPage","@id":"https:\/\/www.verdisseny.cat\/","url":"https:\/\/www.verdisseny.cat\/","name":"Inici - Verdisseny","isPartOf":{"@id":"https:\/\/www.verdisseny.cat\/#website"},"datePublished":"2025-07-25T07:47:40+00:00","dateModified":"2025-07-28T11:04:46+00:00","breadcrumb":{"@id":"https:\/\/www.verdisseny.cat\/#breadcrumb"},"inLanguage":"es","potentialAction":[{"@type":"ReadAction","target":["https:\/\/www.verdisseny.cat\/"]}]},{"@type":"BreadcrumbList","@id":"https:\/\/www.verdisseny.cat\/#breadcrumb","itemListElement":[{"@type":"ListItem","position":1,"name":"Portada","item":"https:\/\/www.verdisseny.cat\/"},{"@type":"ListItem","position":2,"name":"Inici"}]},{"@type":"WebSite","@id":"https:\/\/www.verdisseny.cat\/#website","url":"https:\/\/www.verdisseny.cat\/","name":"Verdisseny","description":"Facility Services","potentialAction":[{"@type":"SearchAction","target":{"@type":"EntryPoint","urlTemplate":"https:\/\/www.verdisseny.cat\/?s={search_term_string}"},"query-input":{"@type":"PropertyValueSpecification","valueRequired":true,"valueName":"search_term_string"}}],"inLanguage":"es"}]}},"_links":{"self":[{"href":"https:\/\/www.verdisseny.cat\/index.php?rest_route=\/wp\/v2\/pages\/29","targetHints":{"allow":["GET"]}}],"collection":[{"href":"https:\/\/www.verdisseny.cat\/index.php?rest_route=\/wp\/v2\/pages"}],"about":[{"href":"https:\/\/www.verdisseny.cat\/index.php?rest_route=\/wp\/v2\/types\/page"}],"author":[{"embeddable":true,"href":"https:\/\/www.verdisseny.cat\/index.php?rest_route=\/wp\/v2\/users\/2"}],"replies":[{"embeddable":true,"href":"https:\/\/www.verdisseny.cat\/index.php?rest_route=%2Fwp%2Fv2%2Fcomments&post=29"}],"version-history":[{"count":8,"href":"https:\/\/www.verdisseny.cat\/index.php?rest_route=\/wp\/v2\/pages\/29\/revisions"}],"predecessor-version":[{"id":223,"href":"https:\/\/www.verdisseny.cat\/index.php?rest_route=\/wp\/v2\/pages\/29\/revisions\/223"}],"wp:attachment":[{"href":"https:\/\/www.verdisseny.cat\/index.php?rest_route=%2Fwp%2Fv2%2Fmedia&parent=29"}],"curies":[{"name":"wp","href":"https:\/\/api.w.org\/{rel}","templated":true}]}}