{"id":59,"date":"2025-07-28T06:47:14","date_gmt":"2025-07-28T06:47:14","guid":{"rendered":"http:\/\/www.verdisseny.cat\/?page_id=59"},"modified":"2025-07-28T09:59:59","modified_gmt":"2025-07-28T09:59:59","slug":"verdisseny-2","status":"publish","type":"page","link":"https:\/\/www.verdisseny.cat\/?page_id=59","title":{"rendered":"Verdisseny"},"content":{"rendered":"<p>[et_pb_section fb_built=\u00bb1&#8243; _builder_version=\u00bb4.27.4&#8243; _module_preset=\u00bbdefault\u00bb global_colors_info=\u00bb{}\u00bb][et_pb_row _builder_version=\u00bb4.27.4&#8243; _module_preset=\u00bbdefault\u00bb global_colors_info=\u00bb{}\u00bb][et_pb_column type=\u00bb4_4&#8243; _builder_version=\u00bb4.27.4&#8243; _module_preset=\u00bbdefault\u00bb global_colors_info=\u00bb{}\u00bb][et_pb_text _builder_version=\u00bb4.27.4&#8243; _module_preset=\u00bbdefault\u00bb global_colors_info=\u00bb{}\u00bb]<\/p>\n<h1 style=\"text-align: center;\"><strong>Verdisseny<\/strong><\/h1>\n<p>[\/et_pb_text][\/et_pb_column][\/et_pb_row][et_pb_row column_structure=\u00bb1_2,1_2&#8243; _builder_version=\u00bb4.27.4&#8243; _module_preset=\u00bbdefault\u00bb global_colors_info=\u00bb{}\u00bb][et_pb_column type=\u00bb1_2&#8243; _builder_version=\u00bb4.27.4&#8243; _module_preset=\u00bbdefault\u00bb global_colors_info=\u00bb{}\u00bb][et_pb_image src=\u00bbhttp:\/\/www.verdisseny.cat\/wp-content\/uploads\/2025\/07\/Social001.jpg\u00bb title_text=\u00bbSocial001&#8243; _builder_version=\u00bb4.27.4&#8243; _module_preset=\u00bbdefault\u00bb custom_padding=\u00bb25px||||false|false\u00bb global_colors_info=\u00bb{}\u00bb][\/et_pb_image][\/et_pb_column][et_pb_column type=\u00bb1_2&#8243; _builder_version=\u00bb4.27.4&#8243; _module_preset=\u00bbdefault\u00bb global_colors_info=\u00bb{}\u00bb][et_pb_text _builder_version=\u00bb4.27.4&#8243; _module_preset=\u00bbdefault\u00bb global_colors_info=\u00bb{}\u00bb]<\/p>\n<p>Nuestra labor social se centra en la integraci\u00f3n laboral de las personas con discapacidad o en riesgo de exclusi\u00f3n social.<\/p>\n<p>La plantilla de Verdisseny cuenta con un alto porcentaje de personas en esta situaci\u00f3n con lo que les ofrecemos una oportunidad de introducirse en el mundo laboral.<\/p>\n<p>Ayudamos a las empresas a cumplir con las medidas alternativas planteadas por la Ley General de Discapacidad.<\/p>\n<p>Toda esta gesti\u00f3n la realizamos atendiendo las normativas establecidas por el sistema Compliance con el cual adquirimos un compromiso de buenas pr\u00e1cticas. Nuestro sistema de prevenci\u00f3n y detecci\u00f3n de irregularidades nos mantiene como una empresa comprometida con las buenas pr\u00e1cticas.<\/p>\n<p>[\/et_pb_text][\/et_pb_column][\/et_pb_row][et_pb_row _builder_version=\u00bb4.27.4&#8243; _module_preset=\u00bbdefault\u00bb global_colors_info=\u00bb{}\u00bb][et_pb_column type=\u00bb4_4&#8243; _builder_version=\u00bb4.27.4&#8243; _module_preset=\u00bbdefault\u00bb global_colors_info=\u00bb{}\u00bb][et_pb_text _builder_version=\u00bb4.27.4&#8243; _module_preset=\u00bbdefault\u00bb global_colors_info=\u00bb{}\u00bb]<\/p>\n<h2 style=\"text-align: center;\"><strong>Valores<\/strong><\/h2>\n<div class=\"et_pb_row et_pb_row_2\">\n<div class=\"et_pb_column et_pb_column_4_4 et_pb_column_3  et_pb_css_mix_blend_mode_passthrough et-last-child\">\n<div class=\"et_pb_module et_pb_text et_pb_text_3  et_pb_text_align_left et_pb_bg_layout_light\">\n<div class=\"et_pb_text_inner\">\n<p>Estos son los pilares en los cuales se basa toda nuestra cultura corporativa, la cual hemos heredado y compartimos con todos los que forman parte de Verdisseny.<\/p>\n<\/div>\n<\/div>\n<\/div>\n<\/div>\n<p>[\/et_pb_text][\/et_pb_column][\/et_pb_row][et_pb_row column_structure=\u00bb1_3,1_3,1_3&#8243; _builder_version=\u00bb4.27.4&#8243; _module_preset=\u00bbdefault\u00bb global_colors_info=\u00bb{}\u00bb][et_pb_column type=\u00bb1_3&#8243; _builder_version=\u00bb4.27.4&#8243; _module_preset=\u00bbdefault\u00bb global_colors_info=\u00bb{}\u00bb][et_pb_text _builder_version=\u00bb4.27.4&#8243; _module_preset=\u00bbdefault\u00bb global_colors_info=\u00bb{}\u00bb]<\/p>\n<div class=\"et_pb_module et_pb_text et_pb_text_3  et_pb_text_align_left et_pb_bg_layout_light\">\n<div class=\"et_pb_text_inner\">\n<h5 style=\"text-align: center;\"><strong>Pasi\u00f3n<\/strong><\/h5>\n<\/div>\n<\/div>\n<div class=\"et_pb_module et_pb_text et_pb_text_4  et_pb_text_align_left et_pb_bg_layout_light\">\n<div class=\"et_pb_text_inner\">\n<p><span>Nuestra plantilla est\u00e1 formada coraz\u00f3n y con la mente.<\/span><\/p>\n<\/div>\n<\/div>\n<p>[\/et_pb_text][\/et_pb_column][et_pb_column type=\u00bb1_3&#8243; _builder_version=\u00bb4.27.4&#8243; _module_preset=\u00bbdefault\u00bb global_colors_info=\u00bb{}\u00bb][et_pb_text _builder_version=\u00bb4.27.4&#8243; _module_preset=\u00bbdefault\u00bb global_colors_info=\u00bb{}\u00bb]<\/p>\n<div class=\"et_pb_module et_pb_text et_pb_text_5  et_pb_text_align_left et_pb_bg_layout_light\">\n<div class=\"et_pb_text_inner\">\n<h5 style=\"text-align: center;\"><strong>Independencia<\/strong><\/h5>\n<\/div>\n<\/div>\n<div class=\"et_pb_module et_pb_text et_pb_text_6  et_pb_text_align_left et_pb_bg_layout_light\">\n<div class=\"et_pb_text_inner\">\n<p><span>Somos libres en la elecci\u00f3n de nuestros criterios de actuaci\u00f3n. Esto supone que nunca actuaremos de manera contraria a nuestros valores por ninguna influencia externa.<\/span><\/p>\n<\/div>\n<\/div>\n<p>[\/et_pb_text][\/et_pb_column][et_pb_column type=\u00bb1_3&#8243; _builder_version=\u00bb4.27.4&#8243; _module_preset=\u00bbdefault\u00bb global_colors_info=\u00bb{}\u00bb][et_pb_text _builder_version=\u00bb4.27.4&#8243; _module_preset=\u00bbdefault\u00bb global_colors_info=\u00bb{}\u00bb]<\/p>\n<div class=\"et_pb_module et_pb_text et_pb_text_7  et_pb_text_align_left et_pb_bg_layout_light\">\n<div class=\"et_pb_text_inner\">\n<h5 style=\"text-align: center;\"><strong>Transparencia<\/strong><\/h5>\n<\/div>\n<\/div>\n<div class=\"et_pb_module et_pb_text et_pb_text_8  et_pb_text_align_left et_pb_bg_layout_light\">\n<div class=\"et_pb_text_inner\">\n<p><span>Comunicamos de manera eficiente el uso de recursos y nuestros resultados.<\/span><\/p>\n<\/div>\n<\/div>\n<p>[\/et_pb_text][\/et_pb_column][\/et_pb_row][et_pb_row column_structure=\u00bb1_3,1_3,1_3&#8243; _builder_version=\u00bb4.27.4&#8243; _module_preset=\u00bbdefault\u00bb global_colors_info=\u00bb{}\u00bb][et_pb_column type=\u00bb1_3&#8243; _builder_version=\u00bb4.27.4&#8243; _module_preset=\u00bbdefault\u00bb global_colors_info=\u00bb{}\u00bb][et_pb_text _builder_version=\u00bb4.27.4&#8243; _module_preset=\u00bbdefault\u00bb global_colors_info=\u00bb{}\u00bb]<\/p>\n<div class=\"et_pb_module et_pb_text et_pb_text_9  et_pb_text_align_left et_pb_bg_layout_light\">\n<div class=\"et_pb_text_inner\">\n<h5 style=\"text-align: center;\"><strong>Colaboraci\u00f3n<\/strong><\/h5>\n<\/div>\n<\/div>\n<div class=\"et_pb_module et_pb_text et_pb_text_10  et_pb_text_align_left et_pb_bg_layout_light\">\n<div class=\"et_pb_text_inner\">\n<p><span>La suma de esfuerzos siempre ayuda a obtener mejores resultados. Potenciar el trabajo colectivo nos hace tener grandes equipos de trabajo.<\/span><\/p>\n<\/div>\n<\/div>\n<p>[\/et_pb_text][\/et_pb_column][et_pb_column type=\u00bb1_3&#8243; _builder_version=\u00bb4.27.4&#8243; _module_preset=\u00bbdefault\u00bb global_colors_info=\u00bb{}\u00bb][et_pb_text _builder_version=\u00bb4.27.4&#8243; _module_preset=\u00bbdefault\u00bb global_colors_info=\u00bb{}\u00bb]<\/p>\n<div class=\"et_pb_module et_pb_text et_pb_text_11  et_pb_text_align_left et_pb_bg_layout_light\">\n<div class=\"et_pb_text_inner\">\n<div class=\"et_pb_module et_pb_text et_pb_text_12  et_pb_text_align_left et_pb_bg_layout_light\">\n<div class=\"et_pb_text_inner\">\n<h5 style=\"text-align: center;\"><strong>Innovaci\u00f3n y creatividad<\/strong><\/h5>\n<\/div>\n<\/div>\n<\/div>\n<\/div>\n<div class=\"et_pb_module et_pb_text et_pb_text_12  et_pb_text_align_left et_pb_bg_layout_light\">\n<div class=\"et_pb_text_inner\">\n<p><span>Nuevas formas para obtener mejores resultados. Innovamos en m\u00e9todos que permiten una mejor integraci\u00f3n laboral y social y mejoran su calidad de vida.<\/span><\/p>\n<\/div>\n<\/div>\n<p>[\/et_pb_text][\/et_pb_column][et_pb_column type=\u00bb1_3&#8243; _builder_version=\u00bb4.27.4&#8243; _module_preset=\u00bbdefault\u00bb global_colors_info=\u00bb{}\u00bb][et_pb_text _builder_version=\u00bb4.27.4&#8243; _module_preset=\u00bbdefault\u00bb global_colors_info=\u00bb{}\u00bb]<\/p>\n<div class=\"et_pb_module et_pb_text et_pb_text_13  et_pb_text_align_left et_pb_bg_layout_light\">\n<div class=\"et_pb_text_inner\">\n<h5 style=\"text-align: center;\"><strong>Liderazgo<\/strong><\/h5>\n<\/div>\n<\/div>\n<div class=\"et_pb_module et_pb_text et_pb_text_14  et_pb_text_align_left et_pb_bg_layout_light\">\n<div class=\"et_pb_text_inner\">\n<p><span>Promovemos el cambio con el ejemplo. Queremos ser motor del cambio, creemos en nuestra filosof\u00eda y por eso nuestra plantilla est\u00e1 formada por un alto porcentaje de personas pertenecientes a colectivos vulnerables.<\/span><\/p>\n<\/div>\n<\/div>\n<p>[\/et_pb_text][\/et_pb_column][\/et_pb_row][et_pb_row column_structure=\u00bb1_2,1_2&#8243; _builder_version=\u00bb4.27.4&#8243; _module_preset=\u00bbdefault\u00bb global_colors_info=\u00bb{}\u00bb][et_pb_column type=\u00bb1_2&#8243; _builder_version=\u00bb4.27.4&#8243; _module_preset=\u00bbdefault\u00bb global_colors_info=\u00bb{}\u00bb][et_pb_image src=\u00bbhttp:\/\/www.verdisseny.cat\/wp-content\/uploads\/2025\/07\/Mapa.jpg\u00bb title_text=\u00bbMapa\u00bb _builder_version=\u00bb4.27.4&#8243; _module_preset=\u00bbdefault\u00bb global_colors_info=\u00bb{}\u00bb][\/et_pb_image][\/et_pb_column][et_pb_column type=\u00bb1_2&#8243; _builder_version=\u00bb4.27.4&#8243; _module_preset=\u00bbdefault\u00bb global_colors_info=\u00bb{}\u00bb][et_pb_text _builder_version=\u00bb4.27.4&#8243; _module_preset=\u00bbdefault\u00bb hover_enabled=\u00bb0&#8243; global_colors_info=\u00bb{}\u00bb sticky_enabled=\u00bb0&#8243;]<\/p>\n<div class=\"et_pb_module et_pb_text et_pb_text_17  et_pb_text_align_left et_pb_bg_layout_light\">\n<div class=\"et_pb_text_inner\">\n<h3 style=\"text-align: center;\"><\/h3>\n<h3 style=\"text-align: center;\"><\/h3>\n<h3 style=\"text-align: center;\"><\/h3>\n<h3 style=\"text-align: center;\"><strong>On estem<\/strong><\/h3>\n<\/div>\n<\/div>\n<div class=\"et_pb_module et_pb_text et_pb_text_18  et_pb_text_align_left et_pb_bg_layout_light\">\n<div class=\"et_pb_text_inner\">\n<div class=\"et_pb_module et_pb_blurb et_pb_blurb_8  et_pb_text_align_left  et_pb_blurb_position_top et_pb_bg_layout_light\" style=\"text-align: center;\">\n<div class=\"et_pb_blurb_content\">\n<div class=\"et_pb_blurb_container\">\n<h4 class=\"et_pb_module_header\" style=\"text-align: center;\">Barcelona<\/h4>\n<p style=\"text-align: center;\">Calle Aire, 15<\/p>\n<p style=\"text-align: center;\">08227 Terrassa<\/p>\n<p style=\"text-align: center;\">937 830 398<\/p>\n<\/div>\n<\/div>\n<\/div>\n<\/div>\n<\/div>\n<p>[\/et_pb_text][\/et_pb_column][\/et_pb_row][\/et_pb_section][et_pb_section fb_built=\u00bb1&#8243; _builder_version=\u00bb4.27.4&#8243; _module_preset=\u00bbdefault\u00bb global_colors_info=\u00bb{}\u00bb][et_pb_row _builder_version=\u00bb4.27.4&#8243; _module_preset=\u00bbdefault\u00bb global_colors_info=\u00bb{}\u00bb][et_pb_column type=\u00bb4_4&#8243; _builder_version=\u00bb4.27.4&#8243; _module_preset=\u00bbdefault\u00bb global_colors_info=\u00bb{}\u00bb][et_pb_image src=\u00bbhttp:\/\/www.verdisseny.cat\/wp-content\/uploads\/2025\/07\/Canal_etico.jpg\u00bb title_text=\u00bbCanal_etico\u00bb _builder_version=\u00bb4.27.4&#8243; _module_preset=\u00bbdefault\u00bb global_colors_info=\u00bb{}\u00bb][\/et_pb_image][\/et_pb_column][\/et_pb_row][et_pb_row column_structure=\u00bb1_2,1_2&#8243; _builder_version=\u00bb4.27.4&#8243; _module_preset=\u00bbdefault\u00bb global_colors_info=\u00bb{}\u00bb][et_pb_column type=\u00bb1_2&#8243; _builder_version=\u00bb4.27.4&#8243; _module_preset=\u00bbdefault\u00bb global_colors_info=\u00bb{}\u00bb][et_pb_text _builder_version=\u00bb4.27.4&#8243; _module_preset=\u00bbdefault\u00bb hover_enabled=\u00bb0&#8243; global_colors_info=\u00bb{}\u00bb sticky_enabled=\u00bb0&#8243;]<\/p>\n<p>A Verdisseny volem proporcionar un canal de comunicaci\u00f3 espec\u00edfic conjuntament amb la Direcci\u00f3 de la Companyia, un instrument per a consultar tots els dubtes que puguen sorgir respecte el Codi \u00c8tic de Verdisseny i elevar qualsevol possible irregularitat, incompliment o comportament contrari a aquest, la legalitat i les normes que regeixen la nostra Organitzaci\u00f3.<\/p>\n<p>Despr\u00e9s de l\u2019entrada en vigor de la Llei 3\/2023 de les persones que informen sobre infraccions normatives, el art 5. 2. d) d\u2019aquest text legal exigeix l\u2019integraci\u00f3 dels diferents canals d\u2019informaci\u00f3 que puguin establir-se dins de les entitats .<\/p>\n<p>Per aquest motiu, hem creat un \u00daNIC canal de comunicaci\u00f3 denominat \u201cCanal \u00c8tic i d\u2019informaci\u00f3 \u201d, una eina que de manera confidencial (a trav\u00e9s de correu electr\u00f2nic a comite.etico@osga.es o via formulari web) o an\u00f2nima \u2013 a trav\u00e9s del formulari web- , permet comunicar al nostre responsable en la mat\u00e8ria tant aquelles activitats i conductes presumptament irregulars i que puguin suposar un incompliment penal o del Codi \u00c8tic de Verdisseny \u2026 com a possibles infraccions detectades en l\u2019ordre laboral, administratiu o de la salut i seguretat.<\/p>\n<p>Si en lloc d\u2019utilitzar el formulari o correu electr\u00f2nic que posem a la seva disposici\u00f3, desitja realitzar una consulta o den\u00fancia presencialment en les nostres oficines, podr\u00e0 posar-se en contacte amb el Responsable de Compliment Normatiu i de Protecci\u00f3 a l\u2019informant de Verdisseny a trav\u00e9s del seg\u00fcent correu electr\u00f2nic: comite.etico@grupoosga.com, o telef\u00f2nicament mitjan\u00e7ant el 937 830 398. En el termini m\u00e0xim de 7 dies des de la seva sol\u00b7licitud, se li oferir\u00e0 cita a tals efectes.<\/p>\n<p>Totes les comunicacions seran rebudes i analitzades de manera diligent,\u00a0<\/p>\n<p>[\/et_pb_text][\/et_pb_column][et_pb_column type=\u00bb1_2&#8243; _builder_version=\u00bb4.27.4&#8243; _module_preset=\u00bbdefault\u00bb global_colors_info=\u00bb{}\u00bb][et_pb_text _builder_version=\u00bb4.27.4&#8243; _module_preset=\u00bbdefault\u00bb global_colors_info=\u00bb{}\u00bb]<\/p>\n<p>&nbsp;<\/p>\n<p>&nbsp;<\/p>\n<p>&nbsp;<\/p>\n<p>rigorosa i confidencial pel Responsable de Compliment Normatiu i del sistema intern d\u2019informaci\u00f3 de Verdisseny, i seran tractades d\u2019acord amb els protocols establits a aquest efecte, protocols basats en les millors pr\u00e0ctiques empresarials en la mat\u00e8ria i reiterem en l\u2019estricte compliment de la citada Llei 2\/2023 de 20 de Febrer. Tot aix\u00f2 amb l\u2019objectiu final de donar-los resposta i un tractament efica\u00e7 i ordenat.<\/p>\n<p>En tot moment es garantira l\u2019anonimat i la confidencialitat tant de l\u2019informant com de les persones afectades i esmentades. Els tractaments de dades personals es regiran pel que es disposa tant en el Reglament (UE) del Parlament Europeu i del Consell, de 27 d\u2019abril de 2016, com en la Llei org\u00e0nica 3\/2018, de 5 de desembre, de Protecci\u00f3 de Dades Personals i garantia dels drets digitals.<\/p>\n<p>Aquest Canal ajuda a garantir l\u2019observan\u00e7a del Codi \u00c8tic, alhora que permet donar compliment al que s\u2019estableix la normativa d\u2019aplicaci\u00f3, configurant-se com un mecanisme de detecci\u00f3 dels eventuals riscos penals que puguen existir en l\u2019Organitzaci\u00f3. I<\/p>\n<p>Igualment aquest canal incorpora les novetats que en mat\u00e8ria de protecci\u00f3 de les persones que informen sobre infraccions normatives aprova la Llei 2\/2023 de 20 de Febrer, integrant en un sol \u201ccanal \u00e8tic i d\u2019informaci\u00f3\u201d el sistema d\u2019informaci\u00f3 intern que aquesta llei regula per a la comunicaci\u00f3 d\u2019infraccions administratives, laborals o en mat\u00e8ria de seguretat i salut<\/p>\n<p>No obstant l\u2019anterior, l\u2019informem que al marge d\u2019aquest canal, disposa vost\u00e9 de canals externs d\u2019informaci\u00f3 i d\u2019adopci\u00f3 de mesures de suport prestades per la AAI Autoritat Independent de Protecci\u00f3 de l\u2019Informant dependent del Ministeri de Just\u00edcia i les Comunitats Aut\u00f2nomes transferides en la mat\u00e8ria.<\/p>\n<p>[\/et_pb_text][\/et_pb_column][\/et_pb_row][et_pb_row column_structure=\u00bb1_2,1_2&#8243; _builder_version=\u00bb4.27.4&#8243; _module_preset=\u00bbdefault\u00bb global_colors_info=\u00bb{}\u00bb][et_pb_column type=\u00bb1_2&#8243; _builder_version=\u00bb4.27.4&#8243; _module_preset=\u00bbdefault\u00bb global_colors_info=\u00bb{}\u00bb][et_pb_button button_url=\u00bbhttps:\/\/grupoosga.com\/wp-content\/uploads\/2023\/11\/CodigoEtico.pdf\u00bb url_new_window=\u00bbon\u00bb button_text=\u00bbCodi \u00c9tic (PDF)\u00bb button_alignment=\u00bbcenter\u00bb _builder_version=\u00bb4.27.4&#8243; _module_preset=\u00bbdefault\u00bb hover_enabled=\u00bb0&#8243; global_colors_info=\u00bb{}\u00bb sticky_enabled=\u00bb0&#8243;][\/et_pb_button][\/et_pb_column][et_pb_column type=\u00bb1_2&#8243; _builder_version=\u00bb4.27.4&#8243; _module_preset=\u00bbdefault\u00bb global_colors_info=\u00bb{}\u00bb][et_pb_button button_url=\u00bbhttps:\/\/forms.office.com\/pages\/responsepage.aspx?id=5cZ7rntVQEGxHTjOU0Wug_dNfk-DHHpDp8O5jqUZzLJUOUZEN00ySzBGQ1Q1WUhENDg1WUI5Mk9ETS4u\u00bb url_new_window=\u00bbon\u00bb button_text=\u00bbCanal de denuncies\u00bb button_alignment=\u00bbcenter\u00bb _builder_version=\u00bb4.27.4&#8243; _module_preset=\u00bbdefault\u00bb hover_enabled=\u00bb0&#8243; global_colors_info=\u00bb{}\u00bb sticky_enabled=\u00bb0&#8243;][\/et_pb_button][\/et_pb_column][\/et_pb_row][\/et_pb_section]<\/p>\n","protected":false},"excerpt":{"rendered":"<p>VerdissenyNuestra labor social se centra en la integraci\u00f3n laboral de las personas con discapacidad o en riesgo de exclusi\u00f3n social. La plantilla de Verdisseny cuenta con un alto porcentaje de personas en esta situaci\u00f3n con lo que les ofrecemos una oportunidad de introducirse en el mundo laboral. Ayudamos a las empresas a cumplir con las [&hellip;]<\/p>\n","protected":false},"author":2,"featured_media":0,"parent":0,"menu_order":0,"comment_status":"closed","ping_status":"closed","template":"","meta":{"_et_pb_use_builder":"on","_et_pb_old_content":"","_et_gb_content_width":"","footnotes":""},"class_list":["post-59","page","type-page","status-publish","hentry"],"yoast_head":"<!-- This site is optimized with the Yoast SEO plugin v27.4 - https:\/\/yoast.com\/product\/yoast-seo-wordpress\/ -->\n<title>Verdisseny - Verdisseny<\/title>\n<meta name=\"robots\" content=\"index, follow, max-snippet:-1, max-image-preview:large, max-video-preview:-1\" \/>\n<link rel=\"canonical\" href=\"https:\/\/www.verdisseny.cat\/?page_id=59\" \/>\n<meta property=\"og:locale\" content=\"es_ES\" \/>\n<meta property=\"og:type\" content=\"article\" \/>\n<meta property=\"og:title\" content=\"Verdisseny - Verdisseny\" \/>\n<meta property=\"og:description\" content=\"VerdissenyNuestra labor social se centra en la integraci\u00f3n laboral de las personas con discapacidad o en riesgo de exclusi\u00f3n social. La plantilla de Verdisseny cuenta con un alto porcentaje de personas en esta situaci\u00f3n con lo que les ofrecemos una oportunidad de introducirse en el mundo laboral. Ayudamos a las empresas a cumplir con las [&hellip;]\" \/>\n<meta property=\"og:url\" content=\"https:\/\/www.verdisseny.cat\/?page_id=59\" \/>\n<meta property=\"og:site_name\" content=\"Verdisseny\" \/>\n<meta property=\"article:modified_time\" content=\"2025-07-28T09:59:59+00:00\" \/>\n<meta name=\"twitter:card\" content=\"summary_large_image\" \/>\n<meta name=\"twitter:label1\" content=\"Tiempo de lectura\" \/>\n\t<meta name=\"twitter:data1\" content=\"8 minutos\" \/>\n<script type=\"application\/ld+json\" class=\"yoast-schema-graph\">{\"@context\":\"https:\\\/\\\/schema.org\",\"@graph\":[{\"@type\":\"WebPage\",\"@id\":\"https:\\\/\\\/www.verdisseny.cat\\\/?page_id=59\",\"url\":\"https:\\\/\\\/www.verdisseny.cat\\\/?page_id=59\",\"name\":\"Verdisseny - Verdisseny\",\"isPartOf\":{\"@id\":\"https:\\\/\\\/www.verdisseny.cat\\\/#website\"},\"datePublished\":\"2025-07-28T06:47:14+00:00\",\"dateModified\":\"2025-07-28T09:59:59+00:00\",\"breadcrumb\":{\"@id\":\"https:\\\/\\\/www.verdisseny.cat\\\/?page_id=59#breadcrumb\"},\"inLanguage\":\"es\",\"potentialAction\":[{\"@type\":\"ReadAction\",\"target\":[\"https:\\\/\\\/www.verdisseny.cat\\\/?page_id=59\"]}]},{\"@type\":\"BreadcrumbList\",\"@id\":\"https:\\\/\\\/www.verdisseny.cat\\\/?page_id=59#breadcrumb\",\"itemListElement\":[{\"@type\":\"ListItem\",\"position\":1,\"name\":\"Portada\",\"item\":\"https:\\\/\\\/www.verdisseny.cat\\\/\"},{\"@type\":\"ListItem\",\"position\":2,\"name\":\"Verdisseny\"}]},{\"@type\":\"WebSite\",\"@id\":\"https:\\\/\\\/www.verdisseny.cat\\\/#website\",\"url\":\"https:\\\/\\\/www.verdisseny.cat\\\/\",\"name\":\"Verdisseny\",\"description\":\"Facility Services\",\"potentialAction\":[{\"@type\":\"SearchAction\",\"target\":{\"@type\":\"EntryPoint\",\"urlTemplate\":\"https:\\\/\\\/www.verdisseny.cat\\\/?s={search_term_string}\"},\"query-input\":{\"@type\":\"PropertyValueSpecification\",\"valueRequired\":true,\"valueName\":\"search_term_string\"}}],\"inLanguage\":\"es\"}]}<\/script>\n<!-- \/ Yoast SEO plugin. -->","yoast_head_json":{"title":"Verdisseny - Verdisseny","robots":{"index":"index","follow":"follow","max-snippet":"max-snippet:-1","max-image-preview":"max-image-preview:large","max-video-preview":"max-video-preview:-1"},"canonical":"https:\/\/www.verdisseny.cat\/?page_id=59","og_locale":"es_ES","og_type":"article","og_title":"Verdisseny - Verdisseny","og_description":"VerdissenyNuestra labor social se centra en la integraci\u00f3n laboral de las personas con discapacidad o en riesgo de exclusi\u00f3n social. La plantilla de Verdisseny cuenta con un alto porcentaje de personas en esta situaci\u00f3n con lo que les ofrecemos una oportunidad de introducirse en el mundo laboral. Ayudamos a las empresas a cumplir con las [&hellip;]","og_url":"https:\/\/www.verdisseny.cat\/?page_id=59","og_site_name":"Verdisseny","article_modified_time":"2025-07-28T09:59:59+00:00","twitter_card":"summary_large_image","twitter_misc":{"Tiempo de lectura":"8 minutos"},"schema":{"@context":"https:\/\/schema.org","@graph":[{"@type":"WebPage","@id":"https:\/\/www.verdisseny.cat\/?page_id=59","url":"https:\/\/www.verdisseny.cat\/?page_id=59","name":"Verdisseny - Verdisseny","isPartOf":{"@id":"https:\/\/www.verdisseny.cat\/#website"},"datePublished":"2025-07-28T06:47:14+00:00","dateModified":"2025-07-28T09:59:59+00:00","breadcrumb":{"@id":"https:\/\/www.verdisseny.cat\/?page_id=59#breadcrumb"},"inLanguage":"es","potentialAction":[{"@type":"ReadAction","target":["https:\/\/www.verdisseny.cat\/?page_id=59"]}]},{"@type":"BreadcrumbList","@id":"https:\/\/www.verdisseny.cat\/?page_id=59#breadcrumb","itemListElement":[{"@type":"ListItem","position":1,"name":"Portada","item":"https:\/\/www.verdisseny.cat\/"},{"@type":"ListItem","position":2,"name":"Verdisseny"}]},{"@type":"WebSite","@id":"https:\/\/www.verdisseny.cat\/#website","url":"https:\/\/www.verdisseny.cat\/","name":"Verdisseny","description":"Facility Services","potentialAction":[{"@type":"SearchAction","target":{"@type":"EntryPoint","urlTemplate":"https:\/\/www.verdisseny.cat\/?s={search_term_string}"},"query-input":{"@type":"PropertyValueSpecification","valueRequired":true,"valueName":"search_term_string"}}],"inLanguage":"es"}]}},"_links":{"self":[{"href":"https:\/\/www.verdisseny.cat\/index.php?rest_route=\/wp\/v2\/pages\/59","targetHints":{"allow":["GET"]}}],"collection":[{"href":"https:\/\/www.verdisseny.cat\/index.php?rest_route=\/wp\/v2\/pages"}],"about":[{"href":"https:\/\/www.verdisseny.cat\/index.php?rest_route=\/wp\/v2\/types\/page"}],"author":[{"embeddable":true,"href":"https:\/\/www.verdisseny.cat\/index.php?rest_route=\/wp\/v2\/users\/2"}],"replies":[{"embeddable":true,"href":"https:\/\/www.verdisseny.cat\/index.php?rest_route=%2Fwp%2Fv2%2Fcomments&post=59"}],"version-history":[{"count":5,"href":"https:\/\/www.verdisseny.cat\/index.php?rest_route=\/wp\/v2\/pages\/59\/revisions"}],"predecessor-version":[{"id":179,"href":"https:\/\/www.verdisseny.cat\/index.php?rest_route=\/wp\/v2\/pages\/59\/revisions\/179"}],"wp:attachment":[{"href":"https:\/\/www.verdisseny.cat\/index.php?rest_route=%2Fwp%2Fv2%2Fmedia&parent=59"}],"curies":[{"name":"wp","href":"https:\/\/api.w.org\/{rel}","templated":true}]}}