{"id":67,"date":"2025-07-28T06:50:24","date_gmt":"2025-07-28T06:50:24","guid":{"rendered":"http:\/\/www.verdisseny.cat\/?page_id=67"},"modified":"2025-07-28T11:05:51","modified_gmt":"2025-07-28T11:05:51","slug":"servicios","status":"publish","type":"page","link":"https:\/\/www.verdisseny.cat\/?page_id=67","title":{"rendered":"Serveis"},"content":{"rendered":"<p>[et_pb_section fb_built=\u00bb1&#8243; _builder_version=\u00bb4.27.4&#8243; _module_preset=\u00bbdefault\u00bb global_colors_info=\u00bb{}\u00bb][et_pb_row _builder_version=\u00bb4.27.4&#8243; _module_preset=\u00bbdefault\u00bb global_colors_info=\u00bb{}\u00bb][et_pb_column type=\u00bb4_4&#8243; _builder_version=\u00bb4.27.4&#8243; _module_preset=\u00bbdefault\u00bb global_colors_info=\u00bb{}\u00bb][et_pb_text _builder_version=\u00bb4.27.4&#8243; _module_preset=\u00bbdefault\u00bb global_colors_info=\u00bb{}\u00bb]<\/p>\n<h1 style=\"text-align: center;\"><strong>Els nostres serveis<\/strong><\/h1>\n<p>[\/et_pb_text][\/et_pb_column][\/et_pb_row][et_pb_row column_structure=\u00bb1_2,1_2&#8243; _builder_version=\u00bb4.27.4&#8243; _module_preset=\u00bbdefault\u00bb global_colors_info=\u00bb{}\u00bb][et_pb_column type=\u00bb1_2&#8243; _builder_version=\u00bb4.27.4&#8243; _module_preset=\u00bbdefault\u00bb global_colors_info=\u00bb{}\u00bb][et_pb_text _builder_version=\u00bb4.27.4&#8243; _module_preset=\u00bbdefault\u00bb global_colors_info=\u00bb{}\u00bb]<\/p>\n<p>Treballem perqu\u00e8 els nostres clients puguin centrar els seus esfor\u00e7os en la part essencial de la seva activitat empresarial mentre nosaltres ens dediquem als serveis auxiliars que resulten necessaris per al correcte desenvolupament del seu dia a dia.<\/p>\n<p>Comptar amb els nostres serveis garanteix la m\u00e0xima rendibilitat, a l&#8217;hora d&#8217;un significatiu estalvi de costos i un nivell \u00f2ptim d\u2019efici\u00e8ncia, ja que comptem amb experi\u00e8ncia i professionals per al desenvolupament de les tasques que cubreixin les necessitats dels nostres clients.<\/p>\n<p>Analitzem el nostre entorn per a anticipar-nos a les necessitats dels nostres clients, estudiem cada sector per a determinar la manera en qu\u00e8 podem aportar solucions que permeten a les empreses centrar els seus esfor\u00e7os en les \u00e0rees productives i realitzem plantejaments personalitzats, orientats a l\u2019optimitzaci\u00f3 dels recursos dels nostres clients.<\/p>\n<p>[\/et_pb_text][\/et_pb_column][et_pb_column type=\u00bb1_2&#8243; _builder_version=\u00bb4.27.4&#8243; _module_preset=\u00bbdefault\u00bb global_colors_info=\u00bb{}\u00bb][et_pb_image src=\u00bbhttp:\/\/www.verdisseny.cat\/wp-content\/uploads\/2025\/07\/Servicios001.jpg\u00bb title_text=\u00bbServicios001&#8243; _builder_version=\u00bb4.27.4&#8243; _module_preset=\u00bbdefault\u00bb custom_padding=\u00bb25px||||false|false\u00bb global_colors_info=\u00bb{}\u00bb][\/et_pb_image][\/et_pb_column][\/et_pb_row][et_pb_row column_structure=\u00bb1_4,1_4,1_4,1_4&#8243; _builder_version=\u00bb4.27.4&#8243; _module_preset=\u00bbdefault\u00bb global_colors_info=\u00bb{}\u00bb][et_pb_column type=\u00bb1_4&#8243; _builder_version=\u00bb4.27.4&#8243; _module_preset=\u00bbdefault\u00bb global_colors_info=\u00bb{}\u00bb][et_pb_image src=\u00bbhttp:\/\/www.verdisseny.cat\/wp-content\/uploads\/2025\/07\/Auxiliares-480&#215;240-1.jpg\u00bb title_text=\u00bbAuxiliares-480&#215;240 (1)\u00bb url=\u00bbhttp:\/\/www.verdisseny.cat\/?page_id=130&#8243; _builder_version=\u00bb4.27.4&#8243; _module_preset=\u00bbdefault\u00bb global_colors_info=\u00bb{}\u00bb][\/et_pb_image][et_pb_text _builder_version=\u00bb4.27.4&#8243; _module_preset=\u00bbdefault\u00bb link_option_url=\u00bbhttp:\/\/www.verdisseny.cat\/?page_id=130&#8243; global_colors_info=\u00bb{}\u00bb]<\/p>\n<p style=\"text-align: center;\"><strong>Serveis Auxiliars<\/strong><\/p>\n<p>[\/et_pb_text][\/et_pb_column][et_pb_column type=\u00bb1_4&#8243; _builder_version=\u00bb4.27.4&#8243; _module_preset=\u00bbdefault\u00bb global_colors_info=\u00bb{}\u00bb][et_pb_image src=\u00bbhttp:\/\/www.verdisseny.cat\/wp-content\/uploads\/2025\/07\/accesos-480&#215;240-1.jpg\u00bb title_text=\u00bbaccesos-480&#215;240&#8243; url=\u00bbhttp:\/\/www.verdisseny.cat\/?page_id=133&#8243; _builder_version=\u00bb4.27.4&#8243; _module_preset=\u00bbdefault\u00bb global_colors_info=\u00bb{}\u00bb][\/et_pb_image][et_pb_text _builder_version=\u00bb4.27.4&#8243; _module_preset=\u00bbdefault\u00bb link_option_url=\u00bbhttp:\/\/www.verdisseny.cat\/?page_id=133&#8243; global_colors_info=\u00bb{}\u00bb]<\/p>\n<p style=\"text-align: center;\"><strong>Control d&#8217;accessos<\/strong><\/p>\n<p>[\/et_pb_text][\/et_pb_column][et_pb_column type=\u00bb1_4&#8243; _builder_version=\u00bb4.27.4&#8243; _module_preset=\u00bbdefault\u00bb global_colors_info=\u00bb{}\u00bb][et_pb_image src=\u00bbhttp:\/\/www.verdisseny.cat\/wp-content\/uploads\/2025\/07\/mantenimiento-480&#215;240-1.jpg\u00bb title_text=\u00bbmantenimiento-480&#215;240&#8243; url=\u00bbhttp:\/\/www.verdisseny.cat\/?page_id=136&#8243; _builder_version=\u00bb4.27.4&#8243; _module_preset=\u00bbdefault\u00bb global_colors_info=\u00bb{}\u00bb][\/et_pb_image][et_pb_text _builder_version=\u00bb4.27.4&#8243; _module_preset=\u00bbdefault\u00bb link_option_url=\u00bbhttp:\/\/www.verdisseny.cat\/?page_id=136&#8243; global_colors_info=\u00bb{}\u00bb]<\/p>\n<p style=\"text-align: center;\"><strong>Manteniment<\/strong><\/p>\n<p>[\/et_pb_text][\/et_pb_column][et_pb_column type=\u00bb1_4&#8243; _builder_version=\u00bb4.27.4&#8243; _module_preset=\u00bbdefault\u00bb global_colors_info=\u00bb{}\u00bb][et_pb_image src=\u00bbhttp:\/\/www.verdisseny.cat\/wp-content\/uploads\/2025\/07\/jardineria-480&#215;240-1.jpg\u00bb title_text=\u00bbjardineria-480&#215;240&#8243; url=\u00bbhttp:\/\/www.verdisseny.cat\/?page_id=139&#8243; _builder_version=\u00bb4.27.4&#8243; _module_preset=\u00bbdefault\u00bb global_colors_info=\u00bb{}\u00bb][\/et_pb_image][et_pb_text _builder_version=\u00bb4.27.4&#8243; _module_preset=\u00bbdefault\u00bb link_option_url=\u00bbhttp:\/\/www.verdisseny.cat\/?page_id=139&#8243; global_colors_info=\u00bb{}\u00bb]<\/p>\n<p style=\"text-align: center;\"><strong>Jardineria<\/strong><\/p>\n<p>[\/et_pb_text][\/et_pb_column][\/et_pb_row][et_pb_row column_structure=\u00bb1_4,1_4,1_4,1_4&#8243; _builder_version=\u00bb4.27.4&#8243; _module_preset=\u00bbdefault\u00bb global_colors_info=\u00bb{}\u00bb][et_pb_column type=\u00bb1_4&#8243; _builder_version=\u00bb4.27.4&#8243; _module_preset=\u00bbdefault\u00bb global_colors_info=\u00bb{}\u00bb][et_pb_image src=\u00bbhttp:\/\/www.verdisseny.cat\/wp-content\/uploads\/2025\/07\/cartonaje001-300&#215;153-1.jpg\u00bb title_text=\u00bbcartonaje001-300&#215;153&#8243; url=\u00bbhttp:\/\/www.verdisseny.cat\/?page_id=142&#8243; _builder_version=\u00bb4.27.4&#8243; _module_preset=\u00bbdefault\u00bb global_colors_info=\u00bb{}\u00bb][\/et_pb_image][et_pb_text _builder_version=\u00bb4.27.4&#8243; _module_preset=\u00bbdefault\u00bb link_option_url=\u00bbhttp:\/\/www.verdisseny.cat\/?page_id=142&#8243; global_colors_info=\u00bb{}\u00bb]<\/p>\n<p style=\"text-align: center;\"><strong>Manipulats de cartonatges<\/strong><\/p>\n<p>[\/et_pb_text][\/et_pb_column][et_pb_column type=\u00bb1_4&#8243; _builder_version=\u00bb4.27.4&#8243; _module_preset=\u00bbdefault\u00bb global_colors_info=\u00bb{}\u00bb][et_pb_image src=\u00bbhttp:\/\/www.verdisseny.cat\/wp-content\/uploads\/2025\/07\/info-480&#215;240-1.jpg\u00bb title_text=\u00bbinfo-480&#215;240&#8243; url=\u00bbhttp:\/\/www.verdisseny.cat\/?page_id=142&#8243; _builder_version=\u00bb4.27.4&#8243; _module_preset=\u00bbdefault\u00bb global_colors_info=\u00bb{}\u00bb][\/et_pb_image][et_pb_text _builder_version=\u00bb4.27.4&#8243; _module_preset=\u00bbdefault\u00bb link_option_url=\u00bbhttp:\/\/www.verdisseny.cat\/?page_id=142&#8243; global_colors_info=\u00bb{}\u00bb]<\/p>\n<p style=\"text-align: center;\"><strong>Servei d&#8217;informaci\u00f3<\/strong><\/p>\n<p>[\/et_pb_text][\/et_pb_column][et_pb_column type=\u00bb1_4&#8243; _builder_version=\u00bb4.27.4&#8243; _module_preset=\u00bbdefault\u00bb global_colors_info=\u00bb{}\u00bb][et_pb_image src=\u00bbhttp:\/\/www.verdisseny.cat\/wp-content\/uploads\/2025\/07\/digitalizacion-480&#215;240-1.jpg\u00bb title_text=\u00bbdigitalizacion-480&#215;240&#8243; url=\u00bbhttp:\/\/www.verdisseny.cat\/?page_id=149&#8243; _builder_version=\u00bb4.27.4&#8243; _module_preset=\u00bbdefault\u00bb global_colors_info=\u00bb{}\u00bb][\/et_pb_image][et_pb_text _builder_version=\u00bb4.27.4&#8243; _module_preset=\u00bbdefault\u00bb link_option_url=\u00bbhttp:\/\/www.verdisseny.cat\/?page_id=149&#8243; hover_enabled=\u00bb0&#8243; global_colors_info=\u00bb{}\u00bb sticky_enabled=\u00bb0&#8243;]<\/p>\n<p style=\"text-align: center;\"><strong>Digitalitzaci\u00f3 i Gesti\u00f3 documental<\/strong><\/p>\n<p>[\/et_pb_text][\/et_pb_column][et_pb_column type=\u00bb1_4&#8243; _builder_version=\u00bb4.27.4&#8243; _module_preset=\u00bbdefault\u00bb global_colors_info=\u00bb{}\u00bb][et_pb_image src=\u00bbhttp:\/\/www.verdisseny.cat\/wp-content\/uploads\/2025\/07\/Limpieza002-1-480&#215;237-1.jpg\u00bb title_text=\u00bbLimpieza002-1-480&#215;237&#8243; url=\u00bbhttp:\/\/www.verdisseny.cat\/?page_id=152&#8243; _builder_version=\u00bb4.27.4&#8243; _module_preset=\u00bbdefault\u00bb global_colors_info=\u00bb{}\u00bb][\/et_pb_image][et_pb_text _builder_version=\u00bb4.27.4&#8243; _module_preset=\u00bbdefault\u00bb link_option_url=\u00bbhttp:\/\/www.verdisseny.cat\/?page_id=152&#8243; global_colors_info=\u00bb{}\u00bb]<\/p>\n<p style=\"text-align: center;\"><strong>Servei de neteja<\/strong><\/p>\n<p>[\/et_pb_text][\/et_pb_column][\/et_pb_row][\/et_pb_section]<\/p>\n","protected":false},"excerpt":{"rendered":"<p>Els nostres serveisTreballem perqu\u00e8 els nostres clients puguin centrar els seus esfor\u00e7os en la part essencial de la seva activitat empresarial mentre nosaltres ens dediquem als serveis auxiliars que resulten necessaris per al correcte desenvolupament del seu dia a dia. Comptar amb els nostres serveis garanteix la m\u00e0xima rendibilitat, a l&#8217;hora d&#8217;un significatiu estalvi de [&hellip;]<\/p>\n","protected":false},"author":2,"featured_media":0,"parent":0,"menu_order":0,"comment_status":"closed","ping_status":"closed","template":"","meta":{"_et_pb_use_builder":"on","_et_pb_old_content":"","_et_gb_content_width":"","footnotes":""},"class_list":["post-67","page","type-page","status-publish","hentry"],"yoast_head":"<!-- This site is optimized with the Yoast SEO plugin v27.4 - https:\/\/yoast.com\/product\/yoast-seo-wordpress\/ -->\n<title>Serveis - Verdisseny<\/title>\n<meta name=\"robots\" content=\"index, follow, max-snippet:-1, max-image-preview:large, max-video-preview:-1\" \/>\n<link rel=\"canonical\" href=\"https:\/\/www.verdisseny.cat\/?page_id=67\" \/>\n<meta property=\"og:locale\" content=\"es_ES\" \/>\n<meta property=\"og:type\" content=\"article\" \/>\n<meta property=\"og:title\" content=\"Serveis - Verdisseny\" \/>\n<meta property=\"og:description\" content=\"Els nostres serveisTreballem perqu\u00e8 els nostres clients puguin centrar els seus esfor\u00e7os en la part essencial de la seva activitat empresarial mentre nosaltres ens dediquem als serveis auxiliars que resulten necessaris per al correcte desenvolupament del seu dia a dia. Comptar amb els nostres serveis garanteix la m\u00e0xima rendibilitat, a l&#039;hora d&#039;un significatiu estalvi de [&hellip;]\" \/>\n<meta property=\"og:url\" content=\"https:\/\/www.verdisseny.cat\/?page_id=67\" \/>\n<meta property=\"og:site_name\" content=\"Verdisseny\" \/>\n<meta property=\"article:modified_time\" content=\"2025-07-28T11:05:51+00:00\" \/>\n<meta name=\"twitter:card\" content=\"summary_large_image\" \/>\n<meta name=\"twitter:label1\" content=\"Tiempo de lectura\" \/>\n\t<meta name=\"twitter:data1\" content=\"5 minutos\" \/>\n<script type=\"application\/ld+json\" class=\"yoast-schema-graph\">{\"@context\":\"https:\\\/\\\/schema.org\",\"@graph\":[{\"@type\":\"WebPage\",\"@id\":\"https:\\\/\\\/www.verdisseny.cat\\\/?page_id=67\",\"url\":\"https:\\\/\\\/www.verdisseny.cat\\\/?page_id=67\",\"name\":\"Serveis - Verdisseny\",\"isPartOf\":{\"@id\":\"https:\\\/\\\/www.verdisseny.cat\\\/#website\"},\"datePublished\":\"2025-07-28T06:50:24+00:00\",\"dateModified\":\"2025-07-28T11:05:51+00:00\",\"breadcrumb\":{\"@id\":\"https:\\\/\\\/www.verdisseny.cat\\\/?page_id=67#breadcrumb\"},\"inLanguage\":\"es\",\"potentialAction\":[{\"@type\":\"ReadAction\",\"target\":[\"https:\\\/\\\/www.verdisseny.cat\\\/?page_id=67\"]}]},{\"@type\":\"BreadcrumbList\",\"@id\":\"https:\\\/\\\/www.verdisseny.cat\\\/?page_id=67#breadcrumb\",\"itemListElement\":[{\"@type\":\"ListItem\",\"position\":1,\"name\":\"Portada\",\"item\":\"https:\\\/\\\/www.verdisseny.cat\\\/\"},{\"@type\":\"ListItem\",\"position\":2,\"name\":\"Serveis\"}]},{\"@type\":\"WebSite\",\"@id\":\"https:\\\/\\\/www.verdisseny.cat\\\/#website\",\"url\":\"https:\\\/\\\/www.verdisseny.cat\\\/\",\"name\":\"Verdisseny\",\"description\":\"Facility Services\",\"potentialAction\":[{\"@type\":\"SearchAction\",\"target\":{\"@type\":\"EntryPoint\",\"urlTemplate\":\"https:\\\/\\\/www.verdisseny.cat\\\/?s={search_term_string}\"},\"query-input\":{\"@type\":\"PropertyValueSpecification\",\"valueRequired\":true,\"valueName\":\"search_term_string\"}}],\"inLanguage\":\"es\"}]}<\/script>\n<!-- \/ Yoast SEO plugin. -->","yoast_head_json":{"title":"Serveis - Verdisseny","robots":{"index":"index","follow":"follow","max-snippet":"max-snippet:-1","max-image-preview":"max-image-preview:large","max-video-preview":"max-video-preview:-1"},"canonical":"https:\/\/www.verdisseny.cat\/?page_id=67","og_locale":"es_ES","og_type":"article","og_title":"Serveis - Verdisseny","og_description":"Els nostres serveisTreballem perqu\u00e8 els nostres clients puguin centrar els seus esfor\u00e7os en la part essencial de la seva activitat empresarial mentre nosaltres ens dediquem als serveis auxiliars que resulten necessaris per al correcte desenvolupament del seu dia a dia. Comptar amb els nostres serveis garanteix la m\u00e0xima rendibilitat, a l'hora d'un significatiu estalvi de [&hellip;]","og_url":"https:\/\/www.verdisseny.cat\/?page_id=67","og_site_name":"Verdisseny","article_modified_time":"2025-07-28T11:05:51+00:00","twitter_card":"summary_large_image","twitter_misc":{"Tiempo de lectura":"5 minutos"},"schema":{"@context":"https:\/\/schema.org","@graph":[{"@type":"WebPage","@id":"https:\/\/www.verdisseny.cat\/?page_id=67","url":"https:\/\/www.verdisseny.cat\/?page_id=67","name":"Serveis - Verdisseny","isPartOf":{"@id":"https:\/\/www.verdisseny.cat\/#website"},"datePublished":"2025-07-28T06:50:24+00:00","dateModified":"2025-07-28T11:05:51+00:00","breadcrumb":{"@id":"https:\/\/www.verdisseny.cat\/?page_id=67#breadcrumb"},"inLanguage":"es","potentialAction":[{"@type":"ReadAction","target":["https:\/\/www.verdisseny.cat\/?page_id=67"]}]},{"@type":"BreadcrumbList","@id":"https:\/\/www.verdisseny.cat\/?page_id=67#breadcrumb","itemListElement":[{"@type":"ListItem","position":1,"name":"Portada","item":"https:\/\/www.verdisseny.cat\/"},{"@type":"ListItem","position":2,"name":"Serveis"}]},{"@type":"WebSite","@id":"https:\/\/www.verdisseny.cat\/#website","url":"https:\/\/www.verdisseny.cat\/","name":"Verdisseny","description":"Facility Services","potentialAction":[{"@type":"SearchAction","target":{"@type":"EntryPoint","urlTemplate":"https:\/\/www.verdisseny.cat\/?s={search_term_string}"},"query-input":{"@type":"PropertyValueSpecification","valueRequired":true,"valueName":"search_term_string"}}],"inLanguage":"es"}]}},"_links":{"self":[{"href":"https:\/\/www.verdisseny.cat\/index.php?rest_route=\/wp\/v2\/pages\/67","targetHints":{"allow":["GET"]}}],"collection":[{"href":"https:\/\/www.verdisseny.cat\/index.php?rest_route=\/wp\/v2\/pages"}],"about":[{"href":"https:\/\/www.verdisseny.cat\/index.php?rest_route=\/wp\/v2\/types\/page"}],"author":[{"embeddable":true,"href":"https:\/\/www.verdisseny.cat\/index.php?rest_route=\/wp\/v2\/users\/2"}],"replies":[{"embeddable":true,"href":"https:\/\/www.verdisseny.cat\/index.php?rest_route=%2Fwp%2Fv2%2Fcomments&post=67"}],"version-history":[{"count":10,"href":"https:\/\/www.verdisseny.cat\/index.php?rest_route=\/wp\/v2\/pages\/67\/revisions"}],"predecessor-version":[{"id":224,"href":"https:\/\/www.verdisseny.cat\/index.php?rest_route=\/wp\/v2\/pages\/67\/revisions\/224"}],"wp:attachment":[{"href":"https:\/\/www.verdisseny.cat\/index.php?rest_route=%2Fwp%2Fv2%2Fmedia&parent=67"}],"curies":[{"name":"wp","href":"https:\/\/api.w.org\/{rel}","templated":true}]}}