{"id":74,"date":"2025-07-28T07:17:00","date_gmt":"2025-07-28T07:17:00","guid":{"rendered":"http:\/\/www.verdisseny.cat\/?page_id=74"},"modified":"2025-07-28T10:15:49","modified_gmt":"2025-07-28T10:15:49","slug":"para-personas","status":"publish","type":"page","link":"https:\/\/www.verdisseny.cat\/?page_id=74","title":{"rendered":"Per a persones"},"content":{"rendered":"<p>[et_pb_section fb_built=\u00bb1&#8243; _builder_version=\u00bb4.27.4&#8243; _module_preset=\u00bbdefault\u00bb global_colors_info=\u00bb{}\u00bb][et_pb_row _builder_version=\u00bb4.27.4&#8243; _module_preset=\u00bbdefault\u00bb global_colors_info=\u00bb{}\u00bb][et_pb_column type=\u00bb4_4&#8243; _builder_version=\u00bb4.27.4&#8243; _module_preset=\u00bbdefault\u00bb global_colors_info=\u00bb{}\u00bb][et_pb_text _builder_version=\u00bb4.27.4&#8243; _module_preset=\u00bbdefault\u00bb global_colors_info=\u00bb{}\u00bb]<\/p>\n<h1 style=\"text-align: center;\"><strong>Per a persones<\/strong><\/h1>\n<p>[\/et_pb_text][\/et_pb_column][\/et_pb_row][et_pb_row _builder_version=\u00bb4.27.4&#8243; _module_preset=\u00bbdefault\u00bb background_color=\u00bb#f3f3f3&#8243; global_colors_info=\u00bb{}\u00bb][et_pb_column type=\u00bb4_4&#8243; _builder_version=\u00bb4.27.4&#8243; _module_preset=\u00bbdefault\u00bb global_colors_info=\u00bb{}\u00bb][et_pb_text _builder_version=\u00bb4.27.4&#8243; _module_preset=\u00bbdefault\u00bb hover_enabled=\u00bb0&#8243; global_colors_info=\u00bb{}\u00bb sticky_enabled=\u00bb0&#8243;]<\/p>\n<h3 style=\"text-align: center;\"><strong>\u00bfVols unir-te al nostre equip?<\/strong><\/h3>\n<p style=\"text-align: center;\"><span data-teams=\"true\">En el nostre canal d\u2019ocupaci\u00f3 podr\u00e0s con\u00e9ixer totes les ofertes de treball que tenim disponibles, aix\u00ed com incloure les teves dades per a futurs processos de selecci\u00f3.<\/span><\/p>\n<p>[\/et_pb_text][et_pb_button button_url=\u00bbhttps:\/\/grupoosga.com\/job\/\u00bb button_text=\u00bbUneix-te a nosaltr@s\u00bb button_alignment=\u00bbcenter\u00bb _builder_version=\u00bb4.27.4&#8243; _module_preset=\u00bbdefault\u00bb hover_enabled=\u00bb0&#8243; global_colors_info=\u00bb{}\u00bb sticky_enabled=\u00bb0&#8243;][\/et_pb_button][et_pb_text _builder_version=\u00bb4.27.4&#8243; _module_preset=\u00bbdefault\u00bb hover_enabled=\u00bb0&#8243; global_colors_info=\u00bb{}\u00bb sticky_enabled=\u00bb0&#8243;]<\/p>\n<p style=\"text-align: center;\"><span data-teams=\"true\">A Verdisseny oferim el nostre servei d\u2019orientaci\u00f3 laboral a persones amb discapacitat o en risc d\u2019exclusi\u00f3 social.<\/span><\/p>\n<p>[\/et_pb_text][\/et_pb_column][\/et_pb_row][et_pb_row column_structure=\u00bb1_2,1_2&#8243; _builder_version=\u00bb4.27.4&#8243; _module_preset=\u00bbdefault\u00bb global_colors_info=\u00bb{}\u00bb][et_pb_column type=\u00bb1_2&#8243; _builder_version=\u00bb4.27.4&#8243; _module_preset=\u00bbdefault\u00bb global_colors_info=\u00bb{}\u00bb][et_pb_text _builder_version=\u00bb4.27.4&#8243; _module_preset=\u00bbdefault\u00bb global_colors_info=\u00bb{}\u00bb]<\/p>\n<div class=\"et_pb_module et_pb_text et_pb_text_3  et_pb_text_align_left et_pb_bg_layout_light\">\n<div class=\"et_pb_text_inner\">\n<h3 style=\"text-align: center;\"><strong>Lloc adequat<\/strong><\/h3>\n<\/div>\n<\/div>\n<div class=\"et_pb_module et_pb_text et_pb_text_4  et_pb_text_align_left et_pb_bg_layout_light\">\n<div class=\"et_pb_text_inner\">\n<p><span data-teams=\"true\">La nostra primera presa de contacte amb les persones es produeix en entrar en les nostres oficines. Aqu\u00ed comen\u00e7a el proc\u00e9s d\u2019integraci\u00f3 laboral i el nostre objectiu \u00e9s aconseguir-lo. A cada persona que acudeix a nosaltres se li realitza una avaluaci\u00f3 inicial a trav\u00e9s d\u2019una entrevista personal, recopilem la informaci\u00f3 necess\u00e0ria per a tra\u00e7ar l\u2019itinerari cap al m\u00f3n laboral. Aix\u00ed, tenim en compte totes les seves circumst\u00e0ncies de cara a aconseguir un lloc adequat a elles, sent aquest el primer pas del qual dep\u00e9n gran part del proc\u00e9s<\/span><\/p>\n<\/div>\n<\/div>\n<p>[\/et_pb_text][\/et_pb_column][et_pb_column type=\u00bb1_2&#8243; _builder_version=\u00bb4.27.4&#8243; _module_preset=\u00bbdefault\u00bb global_colors_info=\u00bb{}\u00bb][et_pb_text _builder_version=\u00bb4.27.4&#8243; _module_preset=\u00bbdefault\u00bb hover_enabled=\u00bb0&#8243; global_colors_info=\u00bb{}\u00bb sticky_enabled=\u00bb0&#8243;]<\/p>\n<div class=\"et_pb_module et_pb_text et_pb_text_5  et_pb_text_align_left et_pb_bg_layout_light\">\n<div class=\"et_pb_text_inner\">\n<h3 style=\"text-align: center;\"><strong>Selecci\u00f3<\/strong><\/h3>\n<\/div>\n<\/div>\n<div class=\"et_pb_module et_pb_text et_pb_text_6  et_pb_text_align_left et_pb_bg_layout_light\">\n<div class=\"et_pb_text_inner\">\n<p><span data-teams=\"true\">Davant una vacant s\u2019inicia el proc\u00e9s de selecci\u00f3. S\u2019analitzen les necessitats a cobrir i entre totes les persones candidates busquem els perfils que m\u00e9s s\u2019ajusten al lloc de treball en q\u00fcesti\u00f3. \u00c9s important saber quin perfil es necessita a cada moment i seleccionar a consci\u00e8ncia les persones que encaixen amb la finalitat de no fer malb\u00e9 el seu proc\u00e9s d\u2019integraci\u00f3 laboral.<\/span><\/p>\n<\/div>\n<\/div>\n<p>[\/et_pb_text][\/et_pb_column][\/et_pb_row][et_pb_row column_structure=\u00bb1_2,1_2&#8243; _builder_version=\u00bb4.27.4&#8243; _module_preset=\u00bbdefault\u00bb global_colors_info=\u00bb{}\u00bb][et_pb_column type=\u00bb1_2&#8243; _builder_version=\u00bb4.27.4&#8243; _module_preset=\u00bbdefault\u00bb global_colors_info=\u00bb{}\u00bb][et_pb_text _builder_version=\u00bb4.27.4&#8243; _module_preset=\u00bbdefault\u00bb hover_enabled=\u00bb0&#8243; global_colors_info=\u00bb{}\u00bb sticky_enabled=\u00bb0&#8243;]<\/p>\n<div class=\"et_pb_module et_pb_text et_pb_text_7  et_pb_text_align_left et_pb_bg_layout_light\">\n<div class=\"et_pb_text_inner\">\n<h3 style=\"text-align: center;\"><strong>Formaci\u00f3<\/strong><\/h3>\n<\/div>\n<\/div>\n<div class=\"et_pb_module et_pb_text et_pb_text_8  et_pb_text_align_left et_pb_bg_layout_light\">\n<div class=\"et_pb_text_inner\">\n<p><span data-teams=\"true\">Davant l\u2019ocupaci\u00f3 d\u2019un lloc de treball no ens conformem amb cobrir-lo sin\u00f3 que a m\u00e9s ens assegurem que la persona que s\u2019inicia en el lloc rep tota la formaci\u00f3 espec\u00edfica necess\u00e0ria. D\u2019aquesta manera assegurem l\u2019\u00e8xit de la integraci\u00f3, a m\u00e9s d\u2019evitar la frustraci\u00f3 del treballador o treballadora davant els problemes que puguen sorgir en la seva rutina di\u00e0ria de treball.<\/span><\/p>\n<\/div>\n<\/div>\n<p>[\/et_pb_text][\/et_pb_column][et_pb_column type=\u00bb1_2&#8243; _builder_version=\u00bb4.27.4&#8243; _module_preset=\u00bbdefault\u00bb global_colors_info=\u00bb{}\u00bb][et_pb_text _builder_version=\u00bb4.27.4&#8243; _module_preset=\u00bbdefault\u00bb hover_enabled=\u00bb0&#8243; global_colors_info=\u00bb{}\u00bb sticky_enabled=\u00bb0&#8243;]<\/p>\n<div class=\"et_pb_module et_pb_text et_pb_text_9  et_pb_text_align_left et_pb_bg_layout_light\">\n<div class=\"et_pb_text_inner\">\n<h3 style=\"text-align: center;\"><strong>Orientaci\u00f3 laboral<\/strong><\/h3>\n<\/div>\n<\/div>\n<div class=\"et_pb_module et_pb_text et_pb_text_10  et_pb_text_align_left et_pb_bg_layout_light\">\n<div class=\"et_pb_text_inner\">\n<p><span data-teams=\"true\">Com a CET que som la nostra labor se centra en l\u2019orientaci\u00f3 laboral de les persones amb discapacitat o en risc d\u2019exclusi\u00f3 social. Nosaltres els oferim aqueixa primera experi\u00e8ncia professional a les persones d\u2019aquests col\u00b7lectius, per\u00f2 el nostre objectiu \u00e9s orientar-los per a fer el salt a l\u2019empresa ordin\u00e0ria. Tracem el seu itinerari aportant-los facultats i experi\u00e8ncia que els permeti formar part del mercat laboral ordinari.<\/span><\/p>\n<\/div>\n<\/div>\n<p>[\/et_pb_text][\/et_pb_column][\/et_pb_row][et_pb_row _builder_version=\u00bb4.27.4&#8243; _module_preset=\u00bbdefault\u00bb background_color=\u00bb#f3f3f3&#8243; global_colors_info=\u00bb{}\u00bb][et_pb_column type=\u00bb4_4&#8243; _builder_version=\u00bb4.27.4&#8243; _module_preset=\u00bbdefault\u00bb global_colors_info=\u00bb{}\u00bb][et_pb_text _builder_version=\u00bb4.27.4&#8243; _module_preset=\u00bbdefault\u00bb global_colors_info=\u00bb{}\u00bb]<\/p>\n<div class=\"et_pb_module et_pb_text et_pb_text_12  et_pb_text_align_left et_pb_bg_layout_light\">\n<div class=\"et_pb_text_inner\">\n<h3><strong>Formaci\u00f3<\/strong><\/h3>\n<\/div>\n<\/div>\n<div class=\"et_pb_module et_pb_text et_pb_text_13  et_pb_text_align_left et_pb_bg_layout_light\">\n<div class=\"et_pb_text_inner\">\n<p>La formaci\u00f3 per a la nostra plantilla \u00e9s clau per a nosaltres. El nostre comprom\u00eds amb la millora cont\u00ednua ens porta a tenir una plantilla formada en les \u00faltimes t\u00e8cniques i innovacions en la prestaci\u00f3 de serveis.<\/p>\n<p>No sols oferim formacions per a fomentar el desenvolupament professional de la plantilla sin\u00f3 que tamb\u00e9 per a ajudar al desenvolupament personal. Algunes de les nostres formacions diferencien per zones de la geografia nacional i altres estan disponibles per a tot l&#8217;\u00e0mbit nacional.<\/p>\n<\/div>\n<\/div>\n<p>[\/et_pb_text][\/et_pb_column][\/et_pb_row][et_pb_row _builder_version=\u00bb4.27.4&#8243; _module_preset=\u00bbdefault\u00bb global_colors_info=\u00bb{}\u00bb][et_pb_column type=\u00bb4_4&#8243; _builder_version=\u00bb4.27.4&#8243; _module_preset=\u00bbdefault\u00bb global_colors_info=\u00bb{}\u00bb][et_pb_text _builder_version=\u00bb4.27.4&#8243; _module_preset=\u00bbdefault\u00bb hover_enabled=\u00bb0&#8243; global_colors_info=\u00bb{}\u00bb sticky_enabled=\u00bb0&#8243;]<\/p>\n<div class=\"et_pb_module et_pb_text et_pb_text_14  et_pb_text_align_left et_pb_bg_layout_light\">\n<h1 class=\"et_pb_text_inner\" style=\"text-align: center;\"><span style=\"font-size: large;\"><strong><span style=\"color: #666666;\">Avantatges de treballar amb nosaltres<\/span><\/strong><\/span><\/h1>\n<p style=\"text-align: center;\">La plantilla de Verdisseny pot beneficiar-se de condicions especials en els serveis dels nostres col\u00b7laboradors:<\/p>\n<\/div>\n<p>[\/et_pb_text][\/et_pb_column][\/et_pb_row][et_pb_row column_structure=\u00bb1_5,1_5,1_5,1_5,1_5&#8243; _builder_version=\u00bb4.27.4&#8243; _module_preset=\u00bbdefault\u00bb global_colors_info=\u00bb{}\u00bb][et_pb_column type=\u00bb1_5&#8243; _builder_version=\u00bb4.27.4&#8243; _module_preset=\u00bbdefault\u00bb global_colors_info=\u00bb{}\u00bb][et_pb_image src=\u00bbhttp:\/\/www.verdisseny.cat\/wp-content\/uploads\/2025\/07\/gaes-logo-red@3x.png\u00bb title_text=\u00bbgaes-logo-red@3x\u00bb url=\u00bbhttps:\/\/www.gaes.es\/\u00bb align=\u00bbcenter\u00bb _builder_version=\u00bb4.27.4&#8243; _module_preset=\u00bbdefault\u00bb global_colors_info=\u00bb{}\u00bb][\/et_pb_image][\/et_pb_column][et_pb_column type=\u00bb1_5&#8243; _builder_version=\u00bb4.27.4&#8243; _module_preset=\u00bbdefault\u00bb global_colors_info=\u00bb{}\u00bb][et_pb_image src=\u00bbhttp:\/\/www.verdisseny.cat\/wp-content\/uploads\/2025\/07\/logo-optica-new.webp\u00bb title_text=\u00bblogo-optica-new\u00bb url=\u00bbhttps:\/\/www.opticauniversitaria.es\/\u00bb url_new_window=\u00bbon\u00bb align=\u00bbcenter\u00bb _builder_version=\u00bb4.27.4&#8243; _module_preset=\u00bbdefault\u00bb global_colors_info=\u00bb{}\u00bb][\/et_pb_image][\/et_pb_column][et_pb_column type=\u00bb1_5&#8243; _builder_version=\u00bb4.27.4&#8243; _module_preset=\u00bbdefault\u00bb global_colors_info=\u00bb{}\u00bb][et_pb_image src=\u00bbhttp:\/\/www.verdisseny.cat\/wp-content\/uploads\/2025\/07\/LogoUNED-50.jpg\u00bb title_text=\u00bbLogoUNED-50&#8243; url=\u00bbhttps:\/\/www.uned.es\/universidad\/inicio.html\u00bb url_new_window=\u00bbon\u00bb align=\u00bbcenter\u00bb _builder_version=\u00bb4.27.4&#8243; _module_preset=\u00bbdefault\u00bb global_colors_info=\u00bb{}\u00bb][\/et_pb_image][\/et_pb_column][et_pb_column type=\u00bb1_5&#8243; _builder_version=\u00bb4.27.4&#8243; _module_preset=\u00bbdefault\u00bb global_colors_info=\u00bb{}\u00bb][et_pb_image src=\u00bbhttp:\/\/www.verdisseny.cat\/wp-content\/uploads\/2025\/07\/Logo-EUTOX.jpg\u00bb title_text=\u00bbLogo-EUTOX\u00bb url=\u00bbhttps:\/\/www.eutox.com\/\u00bb url_new_window=\u00bbon\u00bb align=\u00bbcenter\u00bb _builder_version=\u00bb4.27.4&#8243; _module_preset=\u00bbdefault\u00bb global_colors_info=\u00bb{}\u00bb][\/et_pb_image][\/et_pb_column][et_pb_column type=\u00bb1_5&#8243; _builder_version=\u00bb4.27.4&#8243; _module_preset=\u00bbdefault\u00bb global_colors_info=\u00bb{}\u00bb][et_pb_image src=\u00bbhttp:\/\/www.verdisseny.cat\/wp-content\/uploads\/2025\/07\/images.png\u00bb title_text=\u00bbimages\u00bb url=\u00bbhttps:\/\/www.corporate-benefits.es\/\u00bb url_new_window=\u00bbon\u00bb align=\u00bbcenter\u00bb _builder_version=\u00bb4.27.4&#8243; _module_preset=\u00bbdefault\u00bb global_colors_info=\u00bb{}\u00bb][\/et_pb_image][\/et_pb_column][\/et_pb_row][et_pb_row _builder_version=\u00bb4.27.4&#8243; _module_preset=\u00bbdefault\u00bb global_colors_info=\u00bb{}\u00bb][et_pb_column type=\u00bb4_4&#8243; _builder_version=\u00bb4.27.4&#8243; _module_preset=\u00bbdefault\u00bb global_colors_info=\u00bb{}\u00bb][et_pb_text _builder_version=\u00bb4.27.4&#8243; _module_preset=\u00bbdefault\u00bb hover_enabled=\u00bb0&#8243; global_colors_info=\u00bb{}\u00bb sticky_enabled=\u00bb0&#8243;]<\/p>\n<p style=\"text-align: center;\">Per a poder beneficiar-te de tots aquests avantatges posa&#8217;t en contacte amb la Unitat de Suport.<\/p>\n<p>[\/et_pb_text][\/et_pb_column][\/et_pb_row][\/et_pb_section]<\/p>\n","protected":false},"excerpt":{"rendered":"<p>Per a persones\u00bfVols unir-te al nostre equip? En el nostre canal d\u2019ocupaci\u00f3 podr\u00e0s con\u00e9ixer totes les ofertes de treball que tenim disponibles, aix\u00ed com incloure les teves dades per a futurs processos de selecci\u00f3.A Verdisseny oferim el nostre servei d\u2019orientaci\u00f3 laboral a persones amb discapacitat o en risc d\u2019exclusi\u00f3 social. Lloc adequat La nostra primera [&hellip;]<\/p>\n","protected":false},"author":2,"featured_media":0,"parent":0,"menu_order":0,"comment_status":"closed","ping_status":"closed","template":"","meta":{"_et_pb_use_builder":"on","_et_pb_old_content":"","_et_gb_content_width":"","footnotes":""},"class_list":["post-74","page","type-page","status-publish","hentry"],"yoast_head":"<!-- This site is optimized with the Yoast SEO plugin v27.4 - https:\/\/yoast.com\/product\/yoast-seo-wordpress\/ -->\n<title>Per a persones - Verdisseny<\/title>\n<meta name=\"robots\" content=\"index, follow, max-snippet:-1, max-image-preview:large, max-video-preview:-1\" \/>\n<link rel=\"canonical\" href=\"https:\/\/www.verdisseny.cat\/?page_id=74\" \/>\n<meta property=\"og:locale\" content=\"es_ES\" \/>\n<meta property=\"og:type\" content=\"article\" \/>\n<meta property=\"og:title\" content=\"Per a persones - Verdisseny\" \/>\n<meta property=\"og:description\" content=\"Per a persones\u00bfVols unir-te al nostre equip? En el nostre canal d\u2019ocupaci\u00f3 podr\u00e0s con\u00e9ixer totes les ofertes de treball que tenim disponibles, aix\u00ed com incloure les teves dades per a futurs processos de selecci\u00f3.A Verdisseny oferim el nostre servei d\u2019orientaci\u00f3 laboral a persones amb discapacitat o en risc d\u2019exclusi\u00f3 social. Lloc adequat La nostra primera [&hellip;]\" \/>\n<meta property=\"og:url\" content=\"https:\/\/www.verdisseny.cat\/?page_id=74\" \/>\n<meta property=\"og:site_name\" content=\"Verdisseny\" \/>\n<meta property=\"article:modified_time\" content=\"2025-07-28T10:15:49+00:00\" \/>\n<meta name=\"twitter:card\" content=\"summary_large_image\" \/>\n<meta name=\"twitter:label1\" content=\"Tiempo de lectura\" \/>\n\t<meta name=\"twitter:data1\" content=\"6 minutos\" \/>\n<script type=\"application\/ld+json\" class=\"yoast-schema-graph\">{\"@context\":\"https:\\\/\\\/schema.org\",\"@graph\":[{\"@type\":\"WebPage\",\"@id\":\"https:\\\/\\\/www.verdisseny.cat\\\/?page_id=74\",\"url\":\"https:\\\/\\\/www.verdisseny.cat\\\/?page_id=74\",\"name\":\"Per a persones - Verdisseny\",\"isPartOf\":{\"@id\":\"https:\\\/\\\/www.verdisseny.cat\\\/#website\"},\"datePublished\":\"2025-07-28T07:17:00+00:00\",\"dateModified\":\"2025-07-28T10:15:49+00:00\",\"breadcrumb\":{\"@id\":\"https:\\\/\\\/www.verdisseny.cat\\\/?page_id=74#breadcrumb\"},\"inLanguage\":\"es\",\"potentialAction\":[{\"@type\":\"ReadAction\",\"target\":[\"https:\\\/\\\/www.verdisseny.cat\\\/?page_id=74\"]}]},{\"@type\":\"BreadcrumbList\",\"@id\":\"https:\\\/\\\/www.verdisseny.cat\\\/?page_id=74#breadcrumb\",\"itemListElement\":[{\"@type\":\"ListItem\",\"position\":1,\"name\":\"Portada\",\"item\":\"https:\\\/\\\/www.verdisseny.cat\\\/\"},{\"@type\":\"ListItem\",\"position\":2,\"name\":\"Per a persones\"}]},{\"@type\":\"WebSite\",\"@id\":\"https:\\\/\\\/www.verdisseny.cat\\\/#website\",\"url\":\"https:\\\/\\\/www.verdisseny.cat\\\/\",\"name\":\"Verdisseny\",\"description\":\"Facility Services\",\"potentialAction\":[{\"@type\":\"SearchAction\",\"target\":{\"@type\":\"EntryPoint\",\"urlTemplate\":\"https:\\\/\\\/www.verdisseny.cat\\\/?s={search_term_string}\"},\"query-input\":{\"@type\":\"PropertyValueSpecification\",\"valueRequired\":true,\"valueName\":\"search_term_string\"}}],\"inLanguage\":\"es\"}]}<\/script>\n<!-- \/ Yoast SEO plugin. -->","yoast_head_json":{"title":"Per a persones - Verdisseny","robots":{"index":"index","follow":"follow","max-snippet":"max-snippet:-1","max-image-preview":"max-image-preview:large","max-video-preview":"max-video-preview:-1"},"canonical":"https:\/\/www.verdisseny.cat\/?page_id=74","og_locale":"es_ES","og_type":"article","og_title":"Per a persones - Verdisseny","og_description":"Per a persones\u00bfVols unir-te al nostre equip? En el nostre canal d\u2019ocupaci\u00f3 podr\u00e0s con\u00e9ixer totes les ofertes de treball que tenim disponibles, aix\u00ed com incloure les teves dades per a futurs processos de selecci\u00f3.A Verdisseny oferim el nostre servei d\u2019orientaci\u00f3 laboral a persones amb discapacitat o en risc d\u2019exclusi\u00f3 social. Lloc adequat La nostra primera [&hellip;]","og_url":"https:\/\/www.verdisseny.cat\/?page_id=74","og_site_name":"Verdisseny","article_modified_time":"2025-07-28T10:15:49+00:00","twitter_card":"summary_large_image","twitter_misc":{"Tiempo de lectura":"6 minutos"},"schema":{"@context":"https:\/\/schema.org","@graph":[{"@type":"WebPage","@id":"https:\/\/www.verdisseny.cat\/?page_id=74","url":"https:\/\/www.verdisseny.cat\/?page_id=74","name":"Per a persones - Verdisseny","isPartOf":{"@id":"https:\/\/www.verdisseny.cat\/#website"},"datePublished":"2025-07-28T07:17:00+00:00","dateModified":"2025-07-28T10:15:49+00:00","breadcrumb":{"@id":"https:\/\/www.verdisseny.cat\/?page_id=74#breadcrumb"},"inLanguage":"es","potentialAction":[{"@type":"ReadAction","target":["https:\/\/www.verdisseny.cat\/?page_id=74"]}]},{"@type":"BreadcrumbList","@id":"https:\/\/www.verdisseny.cat\/?page_id=74#breadcrumb","itemListElement":[{"@type":"ListItem","position":1,"name":"Portada","item":"https:\/\/www.verdisseny.cat\/"},{"@type":"ListItem","position":2,"name":"Per a persones"}]},{"@type":"WebSite","@id":"https:\/\/www.verdisseny.cat\/#website","url":"https:\/\/www.verdisseny.cat\/","name":"Verdisseny","description":"Facility Services","potentialAction":[{"@type":"SearchAction","target":{"@type":"EntryPoint","urlTemplate":"https:\/\/www.verdisseny.cat\/?s={search_term_string}"},"query-input":{"@type":"PropertyValueSpecification","valueRequired":true,"valueName":"search_term_string"}}],"inLanguage":"es"}]}},"_links":{"self":[{"href":"https:\/\/www.verdisseny.cat\/index.php?rest_route=\/wp\/v2\/pages\/74","targetHints":{"allow":["GET"]}}],"collection":[{"href":"https:\/\/www.verdisseny.cat\/index.php?rest_route=\/wp\/v2\/pages"}],"about":[{"href":"https:\/\/www.verdisseny.cat\/index.php?rest_route=\/wp\/v2\/types\/page"}],"author":[{"embeddable":true,"href":"https:\/\/www.verdisseny.cat\/index.php?rest_route=\/wp\/v2\/users\/2"}],"replies":[{"embeddable":true,"href":"https:\/\/www.verdisseny.cat\/index.php?rest_route=%2Fwp%2Fv2%2Fcomments&post=74"}],"version-history":[{"count":5,"href":"https:\/\/www.verdisseny.cat\/index.php?rest_route=\/wp\/v2\/pages\/74\/revisions"}],"predecessor-version":[{"id":188,"href":"https:\/\/www.verdisseny.cat\/index.php?rest_route=\/wp\/v2\/pages\/74\/revisions\/188"}],"wp:attachment":[{"href":"https:\/\/www.verdisseny.cat\/index.php?rest_route=%2Fwp%2Fv2%2Fmedia&parent=74"}],"curies":[{"name":"wp","href":"https:\/\/api.w.org\/{rel}","templated":true}]}}