{"id":83,"date":"2025-07-28T07:25:05","date_gmt":"2025-07-28T07:25:05","guid":{"rendered":"http:\/\/www.verdisseny.cat\/?page_id=83"},"modified":"2025-07-28T10:23:33","modified_gmt":"2025-07-28T10:23:33","slug":"cee","status":"publish","type":"page","link":"https:\/\/www.verdisseny.cat\/?page_id=83","title":{"rendered":"CET"},"content":{"rendered":"<p>[et_pb_section fb_built=\u00bb1&#8243; _builder_version=\u00bb4.27.4&#8243; _module_preset=\u00bbdefault\u00bb global_colors_info=\u00bb{}\u00bb][et_pb_row _builder_version=\u00bb4.27.4&#8243; _module_preset=\u00bbdefault\u00bb global_colors_info=\u00bb{}\u00bb][et_pb_column type=\u00bb4_4&#8243; _builder_version=\u00bb4.27.4&#8243; _module_preset=\u00bbdefault\u00bb global_colors_info=\u00bb{}\u00bb][et_pb_text _builder_version=\u00bb4.27.4&#8243; _module_preset=\u00bbdefault\u00bb hover_enabled=\u00bb0&#8243; global_colors_info=\u00bb{}\u00bb sticky_enabled=\u00bb0&#8243;]<\/p>\n<h1 style=\"text-align: center;\"><strong>Centre Especial de Treball<\/strong><\/h1>\n<p>[\/et_pb_text][\/et_pb_column][\/et_pb_row][et_pb_row column_structure=\u00bb1_2,1_2&#8243; _builder_version=\u00bb4.27.4&#8243; _module_preset=\u00bbdefault\u00bb global_colors_info=\u00bb{}\u00bb][et_pb_column type=\u00bb1_2&#8243; _builder_version=\u00bb4.27.4&#8243; _module_preset=\u00bbdefault\u00bb global_colors_info=\u00bb{}\u00bb][et_pb_text _builder_version=\u00bb4.27.4&#8243; _module_preset=\u00bbdefault\u00bb hover_enabled=\u00bb0&#8243; global_colors_info=\u00bb{}\u00bb sticky_enabled=\u00bb0&#8243;]<\/p>\n<p>Els Centres Especials de Treball cupaci\u00f3 s\u00f3n empreses l&#8217;objectiu principal de les quals \u00e9s el de proporcionar treball a les persones amb discapacitat. Aquest treball remunerat ser\u00e0 adequat a les seves caracter\u00edstiques personals i facilita la seva integraci\u00f3 laboral en el mercat ordinari de treball. A trav\u00e9s de les USP se&#8217;ls presta servei de desenvolupament personal i social.<\/p>\n<p>[\/et_pb_text][\/et_pb_column][et_pb_column type=\u00bb1_2&#8243; _builder_version=\u00bb4.27.4&#8243; _module_preset=\u00bbdefault\u00bb global_colors_info=\u00bb{}\u00bb][et_pb_text _builder_version=\u00bb4.27.4&#8243; _module_preset=\u00bbdefault\u00bb global_colors_info=\u00bb{}\u00bb]<\/p>\n<p>Creiem fermament en l&#8217;associacionisme com a manera de magnificar els resultats de la nostra labor social. Aix\u00ed, pertanyem a associacions de Centres Especials d&#8217;Ocupaci\u00f3 a nivell nacional (CONACEE) o auton\u00f2mic (CETIP, FECETC, ACEEI, ACEEM o FERCEE). Tota suma d&#8217;esfor\u00e7os suposa una millora notable en la consecuci\u00f3 d&#8217;objectius. Aquests objectius es tradueixen en casos d&#8217;\u00e8xit d&#8217;integraci\u00f3 laboral.<\/p>\n<p>[\/et_pb_text][\/et_pb_column][\/et_pb_row][\/et_pb_section][et_pb_section fb_built=\u00bb1&#8243; _builder_version=\u00bb4.27.4&#8243; _module_preset=\u00bbdefault\u00bb background_color=\u00bb#f3f3f3&#8243; global_colors_info=\u00bb{}\u00bb][et_pb_row column_structure=\u00bb1_2,1_2&#8243; _builder_version=\u00bb4.27.4&#8243; _module_preset=\u00bbdefault\u00bb global_colors_info=\u00bb{}\u00bb][et_pb_column type=\u00bb1_2&#8243; _builder_version=\u00bb4.27.4&#8243; _module_preset=\u00bbdefault\u00bb global_colors_info=\u00bb{}\u00bb][et_pb_image src=\u00bbhttp:\/\/www.verdisseny.cat\/wp-content\/uploads\/2025\/07\/Integracion001.jpg\u00bb title_text=\u00bbIntegracion001&#8243; _builder_version=\u00bb4.27.4&#8243; _module_preset=\u00bbdefault\u00bb global_colors_info=\u00bb{}\u00bb][\/et_pb_image][\/et_pb_column][et_pb_column type=\u00bb1_2&#8243; _builder_version=\u00bb4.27.4&#8243; _module_preset=\u00bbdefault\u00bb global_colors_info=\u00bb{}\u00bb][et_pb_text _builder_version=\u00bb4.27.4&#8243; _module_preset=\u00bbdefault\u00bb global_colors_info=\u00bb{}\u00bb]<\/p>\n<div class=\"et_pb_module et_pb_text et_pb_text_3  et_pb_text_align_left et_pb_bg_layout_light\">\n<div class=\"et_pb_text_inner\">\n<h3><strong><\/strong><\/h3>\n<h3><strong><\/strong><\/h3>\n<h3><strong>Integraci\u00f3 laboral<\/strong><\/h3>\n<\/div>\n<\/div>\n<div class=\"et_pb_module et_pb_text et_pb_text_4  et_pb_text_align_left et_pb_bg_layout_light\">\n<div class=\"et_pb_text_inner\">\n<p><span data-teams=\"true\">A Verdisseny estem compromesos amb l&#8217;integraci\u00f3 laboral de les persones amb discapacitat o en risc d\u2019exclusi\u00f3 social.<br \/>A trav\u00e9s del nostre CET propis en tot l\u2019\u00e0mbit nacional ajudem les empreses a generar ocupaci\u00f3 per a aquests col\u00b7lectius. D\u2019aquesta manera, mostren el seu comprom\u00eds amb el compliment de la Llei General de Drets de les Persones amb Discapacitat i de la seva Inclusi\u00f3 Social.<\/span><\/p>\n<\/div>\n<\/div>\n<p>[\/et_pb_text][\/et_pb_column][\/et_pb_row][\/et_pb_section][et_pb_section fb_built=\u00bb1&#8243; _builder_version=\u00bb4.27.4&#8243; _module_preset=\u00bbdefault\u00bb global_colors_info=\u00bb{}\u00bb][et_pb_row _builder_version=\u00bb4.27.4&#8243; _module_preset=\u00bbdefault\u00bb global_colors_info=\u00bb{}\u00bb][et_pb_column type=\u00bb4_4&#8243; _builder_version=\u00bb4.27.4&#8243; _module_preset=\u00bbdefault\u00bb global_colors_info=\u00bb{}\u00bb][et_pb_text _builder_version=\u00bb4.27.4&#8243; _module_preset=\u00bbdefault\u00bb hover_enabled=\u00bb0&#8243; global_colors_info=\u00bb{}\u00bb sticky_enabled=\u00bb0&#8243;]<\/p>\n<div class=\"et_pb_module et_pb_text et_pb_text_5  et_pb_text_align_left et_pb_bg_layout_light\">\n<div class=\"et_pb_text_inner\">\n<h2 style=\"text-align: center;\"><strong>Unidad de Suport<\/strong><\/h2>\n<\/div>\n<\/div>\n<div class=\"et_pb_module et_pb_text et_pb_text_6  et_pb_text_align_left et_pb_bg_layout_light\">\n<div class=\"et_pb_text_inner\">\n<p><span data-teams=\"true\">Des de la Unitat de Suport Personal volem aconseguir que el nostre personal desenvolupi totes les seves compet\u00e8ncies i habilitats amb la finalitat de realitzar el tr\u00e0nsit a l\u2019empresa ordin\u00e0ria.<\/span><\/p>\n<p>La Unitat de Suport Personal s&#8217;encarrega de:<\/p>\n<\/div>\n<\/div>\n<p>[\/et_pb_text][\/et_pb_column][\/et_pb_row][et_pb_row column_structure=\u00bb1_3,1_3,1_3&#8243; _builder_version=\u00bb4.27.4&#8243; _module_preset=\u00bbdefault\u00bb global_colors_info=\u00bb{}\u00bb][et_pb_column type=\u00bb1_3&#8243; _builder_version=\u00bb4.27.4&#8243; _module_preset=\u00bbdefault\u00bb global_colors_info=\u00bb{}\u00bb][et_pb_text _builder_version=\u00bb4.27.4&#8243; _module_preset=\u00bbdefault\u00bb hover_enabled=\u00bb0&#8243; global_colors_info=\u00bb{}\u00bb sticky_enabled=\u00bb0&#8243;]<\/p>\n<div class=\"et_pb_module et_pb_text et_pb_text_5  et_pb_text_align_left et_pb_bg_layout_light\">\n<div class=\"et_pb_text_inner\">\n<h4 style=\"text-align: center;\"><strong>Acolliment i avaluaci\u00f3 inicial<\/strong><strong><\/strong><\/h4>\n<\/div>\n<\/div>\n<p>[\/et_pb_text][et_pb_text _builder_version=\u00bb4.27.4&#8243; _module_preset=\u00bbdefault\u00bb hover_enabled=\u00bb0&#8243; sticky_enabled=\u00bb0&#8243;]<\/p>\n<h4 style=\"text-align: center;\"><strong>Itinerari individual i personalitzat<\/strong><\/h4>\n<p>[\/et_pb_text][\/et_pb_column][et_pb_column type=\u00bb1_3&#8243; _builder_version=\u00bb4.27.4&#8243; _module_preset=\u00bbdefault\u00bb global_colors_info=\u00bb{}\u00bb][et_pb_text _builder_version=\u00bb4.27.4&#8243; _module_preset=\u00bbdefault\u00bb hover_enabled=\u00bb0&#8243; global_colors_info=\u00bb{}\u00bb sticky_enabled=\u00bb0&#8243;]<\/p>\n<div class=\"et_pb_module et_pb_text et_pb_text_5  et_pb_text_align_left et_pb_bg_layout_light\">\n<div class=\"et_pb_text_inner\">\n<div class=\"et_pb_module et_pb_text et_pb_text_7  et_pb_text_align_left et_pb_bg_layout_light\">\n<div class=\"et_pb_text_inner\">\n<h4 style=\"text-align: center;\"><strong>Avaluaci\u00f3 d&#8217;integraci\u00f3<\/strong><\/h4>\n<\/div>\n<\/div>\n<\/div>\n<\/div>\n<p>[\/et_pb_text][et_pb_text _builder_version=\u00bb4.27.4&#8243; _module_preset=\u00bbdefault\u00bb hover_enabled=\u00bb0&#8243; sticky_enabled=\u00bb0&#8243;]<\/p>\n<h4 style=\"text-align: center;\"><strong>Formaci\u00f3 complement\u00e0ria,<\/strong><br \/><strong>pre-laboral i especialitzada<\/strong><\/h4>\n<p>[\/et_pb_text][\/et_pb_column][et_pb_column type=\u00bb1_3&#8243; _builder_version=\u00bb4.27.4&#8243; _module_preset=\u00bbdefault\u00bb global_colors_info=\u00bb{}\u00bb][et_pb_text _builder_version=\u00bb4.27.4&#8243; _module_preset=\u00bbdefault\u00bb hover_enabled=\u00bb0&#8243; global_colors_info=\u00bb{}\u00bb sticky_enabled=\u00bb0&#8243;]<\/p>\n<h4 style=\"text-align: center;\"><strong>Avaluaci\u00f3 d&#8217;acompliment<\/strong><\/h4>\n<p>[\/et_pb_text][et_pb_text _builder_version=\u00bb4.27.4&#8243; _module_preset=\u00bbdefault\u00bb hover_enabled=\u00bb0&#8243; sticky_enabled=\u00bb0&#8243;]<\/p>\n<h4 style=\"text-align: center;\"><strong>Activitats l\u00fadic-esportives i culturals<\/strong><\/h4>\n<p>[\/et_pb_text][\/et_pb_column][\/et_pb_row][et_pb_row column_structure=\u00bb1_2,1_2&#8243; _builder_version=\u00bb4.27.4&#8243; _module_preset=\u00bbdefault\u00bb global_colors_info=\u00bb{}\u00bb][et_pb_column type=\u00bb1_2&#8243; _builder_version=\u00bb4.27.4&#8243; _module_preset=\u00bbdefault\u00bb global_colors_info=\u00bb{}\u00bb][et_pb_text _builder_version=\u00bb4.27.4&#8243; _module_preset=\u00bbdefault\u00bb hover_enabled=\u00bb0&#8243; global_colors_info=\u00bb{}\u00bb sticky_enabled=\u00bb0&#8243;]<\/p>\n<p>Des de la Unitat de Suport i Ajust volem aconseguir que el nostre personal desenvolupi totes les seves compet\u00e8ncies i habilitats amb la finalitat de realitzar el tr\u00e0nsit a l&#8217;empresa ordin\u00e0ria.<\/p>\n<p>Volem fomentar i millorar la seva qualitat de vida en l&#8217;\u00e0mbit personal,<\/p>\n<p>[\/et_pb_text][\/et_pb_column][et_pb_column type=\u00bb1_2&#8243; _builder_version=\u00bb4.27.4&#8243; _module_preset=\u00bbdefault\u00bb global_colors_info=\u00bb{}\u00bb][et_pb_text _builder_version=\u00bb4.27.4&#8243; _module_preset=\u00bbdefault\u00bb hover_enabled=\u00bb0&#8243; global_colors_info=\u00bb{}\u00bb sticky_enabled=\u00bb0&#8243;]<\/p>\n<p>emocional, professional, social, etc.<\/p>\n<p>Per a aix\u00f2, Verdisseny ha signat diversos convenis de col\u00b7laboraci\u00f3 amb professionals i empreses. Oferim millors condicions per a accedir a serveis de fisioter\u00e0pia, coaching, salut dental, \u00f2ptica, etc.<\/p>\n<p>[\/et_pb_text][\/et_pb_column][\/et_pb_row][\/et_pb_section]<\/p>\n","protected":false},"excerpt":{"rendered":"<p>Centre Especial de TreballEls Centres Especials de Treball cupaci\u00f3 s\u00f3n empreses l&#8217;objectiu principal de les quals \u00e9s el de proporcionar treball a les persones amb discapacitat. Aquest treball remunerat ser\u00e0 adequat a les seves caracter\u00edstiques personals i facilita la seva integraci\u00f3 laboral en el mercat ordinari de treball. A trav\u00e9s de les USP se&#8217;ls presta [&hellip;]<\/p>\n","protected":false},"author":2,"featured_media":0,"parent":0,"menu_order":0,"comment_status":"closed","ping_status":"closed","template":"","meta":{"_et_pb_use_builder":"on","_et_pb_old_content":"","_et_gb_content_width":"","footnotes":""},"class_list":["post-83","page","type-page","status-publish","hentry"],"yoast_head":"<!-- This site is optimized with the Yoast SEO plugin v27.4 - https:\/\/yoast.com\/product\/yoast-seo-wordpress\/ -->\n<title>CET - Verdisseny<\/title>\n<meta name=\"robots\" content=\"index, follow, max-snippet:-1, max-image-preview:large, max-video-preview:-1\" \/>\n<link rel=\"canonical\" href=\"https:\/\/www.verdisseny.cat\/?page_id=83\" \/>\n<meta property=\"og:locale\" content=\"es_ES\" \/>\n<meta property=\"og:type\" content=\"article\" \/>\n<meta property=\"og:title\" content=\"CET - Verdisseny\" \/>\n<meta property=\"og:description\" content=\"Centre Especial de TreballEls Centres Especials de Treball cupaci\u00f3 s\u00f3n empreses l&#039;objectiu principal de les quals \u00e9s el de proporcionar treball a les persones amb discapacitat. Aquest treball remunerat ser\u00e0 adequat a les seves caracter\u00edstiques personals i facilita la seva integraci\u00f3 laboral en el mercat ordinari de treball. A trav\u00e9s de les USP se&#039;ls presta [&hellip;]\" \/>\n<meta property=\"og:url\" content=\"https:\/\/www.verdisseny.cat\/?page_id=83\" \/>\n<meta property=\"og:site_name\" content=\"Verdisseny\" \/>\n<meta property=\"article:modified_time\" content=\"2025-07-28T10:23:33+00:00\" \/>\n<meta name=\"twitter:card\" content=\"summary_large_image\" \/>\n<meta name=\"twitter:label1\" content=\"Tiempo de lectura\" \/>\n\t<meta name=\"twitter:data1\" content=\"4 minutos\" \/>\n<script type=\"application\/ld+json\" class=\"yoast-schema-graph\">{\"@context\":\"https:\\\/\\\/schema.org\",\"@graph\":[{\"@type\":\"WebPage\",\"@id\":\"https:\\\/\\\/www.verdisseny.cat\\\/?page_id=83\",\"url\":\"https:\\\/\\\/www.verdisseny.cat\\\/?page_id=83\",\"name\":\"CET - Verdisseny\",\"isPartOf\":{\"@id\":\"https:\\\/\\\/www.verdisseny.cat\\\/#website\"},\"datePublished\":\"2025-07-28T07:25:05+00:00\",\"dateModified\":\"2025-07-28T10:23:33+00:00\",\"breadcrumb\":{\"@id\":\"https:\\\/\\\/www.verdisseny.cat\\\/?page_id=83#breadcrumb\"},\"inLanguage\":\"es\",\"potentialAction\":[{\"@type\":\"ReadAction\",\"target\":[\"https:\\\/\\\/www.verdisseny.cat\\\/?page_id=83\"]}]},{\"@type\":\"BreadcrumbList\",\"@id\":\"https:\\\/\\\/www.verdisseny.cat\\\/?page_id=83#breadcrumb\",\"itemListElement\":[{\"@type\":\"ListItem\",\"position\":1,\"name\":\"Portada\",\"item\":\"https:\\\/\\\/www.verdisseny.cat\\\/\"},{\"@type\":\"ListItem\",\"position\":2,\"name\":\"CET\"}]},{\"@type\":\"WebSite\",\"@id\":\"https:\\\/\\\/www.verdisseny.cat\\\/#website\",\"url\":\"https:\\\/\\\/www.verdisseny.cat\\\/\",\"name\":\"Verdisseny\",\"description\":\"Facility Services\",\"potentialAction\":[{\"@type\":\"SearchAction\",\"target\":{\"@type\":\"EntryPoint\",\"urlTemplate\":\"https:\\\/\\\/www.verdisseny.cat\\\/?s={search_term_string}\"},\"query-input\":{\"@type\":\"PropertyValueSpecification\",\"valueRequired\":true,\"valueName\":\"search_term_string\"}}],\"inLanguage\":\"es\"}]}<\/script>\n<!-- \/ Yoast SEO plugin. -->","yoast_head_json":{"title":"CET - Verdisseny","robots":{"index":"index","follow":"follow","max-snippet":"max-snippet:-1","max-image-preview":"max-image-preview:large","max-video-preview":"max-video-preview:-1"},"canonical":"https:\/\/www.verdisseny.cat\/?page_id=83","og_locale":"es_ES","og_type":"article","og_title":"CET - Verdisseny","og_description":"Centre Especial de TreballEls Centres Especials de Treball cupaci\u00f3 s\u00f3n empreses l'objectiu principal de les quals \u00e9s el de proporcionar treball a les persones amb discapacitat. Aquest treball remunerat ser\u00e0 adequat a les seves caracter\u00edstiques personals i facilita la seva integraci\u00f3 laboral en el mercat ordinari de treball. A trav\u00e9s de les USP se'ls presta [&hellip;]","og_url":"https:\/\/www.verdisseny.cat\/?page_id=83","og_site_name":"Verdisseny","article_modified_time":"2025-07-28T10:23:33+00:00","twitter_card":"summary_large_image","twitter_misc":{"Tiempo de lectura":"4 minutos"},"schema":{"@context":"https:\/\/schema.org","@graph":[{"@type":"WebPage","@id":"https:\/\/www.verdisseny.cat\/?page_id=83","url":"https:\/\/www.verdisseny.cat\/?page_id=83","name":"CET - Verdisseny","isPartOf":{"@id":"https:\/\/www.verdisseny.cat\/#website"},"datePublished":"2025-07-28T07:25:05+00:00","dateModified":"2025-07-28T10:23:33+00:00","breadcrumb":{"@id":"https:\/\/www.verdisseny.cat\/?page_id=83#breadcrumb"},"inLanguage":"es","potentialAction":[{"@type":"ReadAction","target":["https:\/\/www.verdisseny.cat\/?page_id=83"]}]},{"@type":"BreadcrumbList","@id":"https:\/\/www.verdisseny.cat\/?page_id=83#breadcrumb","itemListElement":[{"@type":"ListItem","position":1,"name":"Portada","item":"https:\/\/www.verdisseny.cat\/"},{"@type":"ListItem","position":2,"name":"CET"}]},{"@type":"WebSite","@id":"https:\/\/www.verdisseny.cat\/#website","url":"https:\/\/www.verdisseny.cat\/","name":"Verdisseny","description":"Facility Services","potentialAction":[{"@type":"SearchAction","target":{"@type":"EntryPoint","urlTemplate":"https:\/\/www.verdisseny.cat\/?s={search_term_string}"},"query-input":{"@type":"PropertyValueSpecification","valueRequired":true,"valueName":"search_term_string"}}],"inLanguage":"es"}]}},"_links":{"self":[{"href":"https:\/\/www.verdisseny.cat\/index.php?rest_route=\/wp\/v2\/pages\/83","targetHints":{"allow":["GET"]}}],"collection":[{"href":"https:\/\/www.verdisseny.cat\/index.php?rest_route=\/wp\/v2\/pages"}],"about":[{"href":"https:\/\/www.verdisseny.cat\/index.php?rest_route=\/wp\/v2\/types\/page"}],"author":[{"embeddable":true,"href":"https:\/\/www.verdisseny.cat\/index.php?rest_route=\/wp\/v2\/users\/2"}],"replies":[{"embeddable":true,"href":"https:\/\/www.verdisseny.cat\/index.php?rest_route=%2Fwp%2Fv2%2Fcomments&post=83"}],"version-history":[{"count":5,"href":"https:\/\/www.verdisseny.cat\/index.php?rest_route=\/wp\/v2\/pages\/83\/revisions"}],"predecessor-version":[{"id":191,"href":"https:\/\/www.verdisseny.cat\/index.php?rest_route=\/wp\/v2\/pages\/83\/revisions\/191"}],"wp:attachment":[{"href":"https:\/\/www.verdisseny.cat\/index.php?rest_route=%2Fwp%2Fv2%2Fmedia&parent=83"}],"curies":[{"name":"wp","href":"https:\/\/api.w.org\/{rel}","templated":true}]}}