{"id":97,"date":"2025-07-28T08:26:37","date_gmt":"2025-07-28T08:26:37","guid":{"rendered":"http:\/\/www.verdisseny.cat\/?page_id=97"},"modified":"2025-07-28T10:50:38","modified_gmt":"2025-07-28T10:50:38","slug":"aviso-legal","status":"publish","type":"page","link":"https:\/\/www.verdisseny.cat\/?page_id=97","title":{"rendered":"Av\u00eds legal"},"content":{"rendered":"<p>[et_pb_section fb_built=\u00bb1&#8243; _builder_version=\u00bb4.27.4&#8243; _module_preset=\u00bbdefault\u00bb global_colors_info=\u00bb{}\u00bb][et_pb_row _builder_version=\u00bb4.27.4&#8243; _module_preset=\u00bbdefault\u00bb global_colors_info=\u00bb{}\u00bb][et_pb_column type=\u00bb4_4&#8243; _builder_version=\u00bb4.27.4&#8243; _module_preset=\u00bbdefault\u00bb global_colors_info=\u00bb{}\u00bb][et_pb_text _builder_version=\u00bb4.27.4&#8243; _module_preset=\u00bbdefault\u00bb global_colors_info=\u00bb{}\u00bb custom_padding=\u00bb4px|||||\u00bb]<\/p>\n<h2 style=\"text-align: center;\"><strong>Av\u00eds Legal Verdisseny SL<\/strong><\/h2>\n<p>1r IDENTIFICACI\u00d3 DEL PROPIETARI DE LA WEB.<\/p>\n<p>Donant compliment amb el que es preveu en la Llei 34\/2002, d&#8217;11 de juliol, de Serveis de la Societat de la Informaci\u00f3 i de Comer\u00e7 Electr\u00f2nic i en la Directiva 2000\/31\/CE, del Parlament Europeu i del Consell, de 8 de juny, Relativa a Determinats Aspectes dels Serveis de la Societat de la Informaci\u00f3, el propietari de la Web, Verdisseny S.L., informa que aquesta \u00e9s la p\u00e0gina Web corporativa de Verdisseny, les dades identificatives de la qual de les empreses que ho componen s\u00f3n:<\/p>\n<p>Verdisseny S.L. amb CIF: B62904883 \u00a0Domicili c\/ Aire, 15, Terrassa, i inscrita en el Registre Mercantil de Barcelona Tom 34846 Foli 41 Fulla B 251903 INSCRIPCI\u00d3 1.<\/p>\n<p>2\u00b0 \u00c0MBIT D&#8217;APLICACI\u00d3<\/p>\n<p>Les presents cl\u00e0usules de condicions generals regulen l&#8217;acc\u00e9s i \u00fas als continguts i serveis inclosos o accessibles a trav\u00e9s del lloc web desenvolupat per l&#8217;empresa Verdisseny, S.L del, localitzat en l&#8217;adre\u00e7a http:\/\/www.verdisseny.cat\/<\/p>\n<p>3r USUARIS<\/p>\n<p>L&#8217;\u00fas del lloc web, i els serveis que ofereix, atribueix la condici\u00f3 d&#8217;USUARI i suposa l&#8217;acceptaci\u00f3 sense reserves de totes i cadascuna de les condicions de les presents condicions generals, aix\u00ed com aquelles altres particulars que, si \u00e9s el cas, regeixin la utilitzaci\u00f3 del Lloc web o dels serveis vinculats a aquest.<br \/>En el cas que l&#8217;USUARI no accepti totalment o parcialment les condicions generals i\/o les particulars, i\/o no estigu\u00e9s d&#8217;acord amb aquestes, haur\u00e0 d&#8217;abstenir-se d&#8217;accedir al lloc web i usar els seus continguts o serveis.<\/p>\n<p>Actualment, l&#8217;acc\u00e9s en la nostra p\u00e0gina Web per part de l&#8217;USUARI \u00e9s gratu\u00eft i est\u00e0 condicionat a la pr\u00e8via lectura i acceptaci\u00f3 integra, expressa i sense reserves de les presents CONDICIONS GENERALS D&#8217;\u00daS vigents en el moment de l&#8217;acc\u00e9s, que preguem que llegeixi detingudament. L&#8217;USUARI en el moment que utilitza el lloc web, els seus continguts o serveis, accepta i se sotmet expressament a les condicions generals d&#8217;\u00fas d&#8217;aquest.<\/p>\n<p>4t \u00daS DEL PORTAL<br \/>La web de Verdisseny S.L.<\/p>\n<p>Proporciona l&#8217;acc\u00e9s a multitud d&#8217;informacions, serveis, programes o dades (d&#8217;ara endavant, \u201cels continguts\u201d) en Internet pertanyents a Verdisseny S.L, aix\u00ed com de les empreses pertanyents al grup o als seus llicenciadors als quals l&#8217;USUARI pugui tenir acc\u00e9s.<br \/>L&#8217;USUARI assumeix la responsabilitat de l&#8217;\u00fas del PORTAL. Aquesta responsabilitat s&#8217;est\u00e9n al registre que fos necessari per a accedir a determinats serveis o continguts. En aquest registre l&#8217;USUARI ser\u00e0 responsable d&#8217;aportar informaci\u00f3 vera\u00e7 i l\u00edcita. A conseq\u00fc\u00e8ncia d&#8217;aquest registre, si escau a l&#8217;USUARI se li pot proporcionar una contrasenya sobre la qual ser\u00e0 responsable, conseq\u00fcentment a aix\u00f2 l&#8217;USUARI ha de fer un \u00fas diligent i confidencial d&#8217;aquesta.<br \/>Amb l&#8217;acc\u00e9s i \u00fas del lloc web i els seus serveis, l&#8217;USUARI es compromet a fer un \u00fas adequat dels continguts i serveis que Verdisseny S.L. ofereix a trav\u00e9s del seu web, i amb car\u00e0cter explicito, per\u00f2 no limitatiu, s&#8217;obliga a:<br \/>\u2022 No fer un \u00fas dels mateixos que comporti inc\u00f3rrer en activitats il\u00b7l\u00edcites, il\u00b7legals o contr\u00e0ries a la bona fe i a l&#8217;ordre p\u00fablic;<br \/>\u2022 No difondre continguts o propaganda de car\u00e0cter racista, xen\u00f2fob, pornogr\u00e0fic-il\u00b7legal, d&#8217;apologia del terrorisme o atemptatori contra els drets humans.<br \/>\u2022 No intentar accedir i, si \u00e9s el cas, utilitzar els comptes de correu electr\u00f2nic altres usuaris i modificar o manipular els seus missatges.<br \/>\u2022 No usar els continguts i en particular la informaci\u00f3 obtinguda a trav\u00e9s de la Web per a remetre publicitat, enviar missatges amb finalitats de venda o amb qualsevol altra fi comercial, o per a recollir o emmagatzemar dades personals.<br \/>\u2022 Abstenir-se de suprimir els signes identificatius dels drets (de propietat intel\u00b7lectual, industrial o qualsevol altre) de Verdisseny S.L, o dels tercers, que figurin en la Web i en els diversos serveis oferts a trav\u00e9s d&#8217;ell.<br \/>\u2022 Aix\u00ed mateix, l&#8217;usuari haur\u00e0 d&#8217;abstenir-se d&#8217;eludir o manipular qualssevol dispositius t\u00e8cnics establerts per Verdisseny S.L o per tercers, ja sigui en la Web, en els serveis que s&#8217;ofereixen o en qualsevol dels materials, elements o informaci\u00f3 obtinguts a trav\u00e9s d&#8217;aquest, per a la protecci\u00f3 dels seus drets.<br \/>\u2022 No usar ni aplicar recursos t\u00e8cnics, l\u00f2gics o tecnol\u00f2gics per virtut dels quals els usuaris puguin beneficiar-se, directament o indirectament, amb o sense lucre, de l&#8217;explotaci\u00f3 no autoritzada dels continguts i\/o serveis de la web.<br \/>\u2022 No introduir, emmagatzemar o difondre mitjan\u00e7ant el Lloc web o a trav\u00e9s de qualsevol dels serveis vinculats al mateix cap programa d&#8217;ordinador, dada, virus, codi i en general, abstenir-se de dur a terme actuacions que, de qualsevol forma, puguin danyar, inutilitzar, sobrecarregar o deteriorar el lloc web, els equips, sistemes, xarxes, programes, dades o informacions de Verdisseny S.L. dels seus prove\u00efdors, de qualsevol usuari o, en general, de qualsevol tercer, o impedir la normal utilitzaci\u00f3 o gaudi del lloc web o dels serveis a ell vinculats.<br \/>\u2022 En el cas d&#8217;incomplir les anteriors Obligacions, l&#8217;USUARI haur\u00e0 de respondre dels danys i perjudicis que poguessin sofrir Verdisseny S.L., els seus treballadors, prove\u00efdors, clients, altres usuaris i tercers en general, a conseq\u00fc\u00e8ncia de l&#8217;incompliment de les presents condicions generals o de les particulars que fossin aplicable als serveis vinculats al lloc web, obligant-se a mantenir indemne a Verdisseny S.L, treballadors, clients i prove\u00efdors enfront de qualsevol reclamaci\u00f3, demanda o sanci\u00f3 que pogu\u00e9s ser formulada o imposada com a conseq\u00fc\u00e8ncia directa o indirecta de l&#8217;esmentat incompliment.<br \/>En tot cas, Verdisseny S.L. es reserva el dret d&#8217;eliminar comentaris i aportacions que vulnerin el respecte a la dignitat de la persona, que siguin discriminatoris, xen\u00f2fobs, racistes, pornogr\u00e0fics, que atemptin contra la joventut o la inf\u00e0ncia, l&#8217;ordre o la seguretat p\u00fablica o que, al seu judici, no resultessin adequats per a la seva publicaci\u00f3 i\/o puguin menyscabar la imatge de Verdisseny S.L, els seus treballadors, prove\u00efdors, clients, altres usuaris i tercers en general.<br \/>En qualsevol cas, Verdisseny S.L, no ser\u00e0 responsable de les opinions abocades pels usuaris a trav\u00e9s dels f\u00f2rums, missatges, o altres eines de participaci\u00f3, si \u00e9s el cas.<\/p>\n<p>5\u00e8 POL\u00cdTICA DE PRIVACITAT I PROTECCI\u00d3 DE DADES<\/p>\n<p>En Verdisseny S.L., treballem per a garantir la privacitat en el tractament de les teves dades personals. Hem actualitzat la nostra Pol\u00edtica de Privacitat per a informar clarament de com recopilem, utilitzem i custodiem les dades de les persones que contacten amb la nostra Organitzaci\u00f3:<\/p>\n<p>Responsable del tractament<br \/>L&#8217;interessat que faciliti a Verdisseny S.L. dades de car\u00e0cter personal a trav\u00e9s d&#8217;aquesta plataforma en l\u00ednia o per altres vies (per exemple, xarxes socials) queda informat que el tractament de les seves dades \u00e9s realitzat per:<\/p>\n<p>Verdisseny S.L. amb CIF B62904883 Domicili c\/ Aire, 15, Terrassa Tel\u00e8fon: 937 830 398 Correu electr\u00f2nic: grupo.osga@grupoosga.com<\/p>\n<p>De la mateixa forma actuen com a encarregats del tractament i corresponsables del mateix les restants empreses que componen Verdisseny (per a m\u00e9s detall sol\u00b7liciti la Pol\u00edtica de Protecci\u00f3 de Dades de Verdisseny)<br \/>Aix\u00ed mateix, t&#8217;informem que comptem amb un Delegat de Protecci\u00f3 de Dades (*DPD) que vela pel compliment de la normativa de protecci\u00f3 de dades en Verdisseny. Les dades de contacte del nostre DPD s\u00f3n:<br \/>Sonia Serrano G\u00f3mez. C\/Cordonera n\u00fam. 2<br \/>26006 Logronyo (La Rioja)<br \/>Tel\u00e8fon: 941 43 36 99<br \/>Correu electr\u00f2nic: delegado.lopd@osga.es<br \/>Finalitats del tractament de dades<br \/>En Verdisseny S.L. el tractament de dades cedides a trav\u00e9s de la p\u00e0gina web corporativa, es realitza amb les seg\u00fcents finalitats, en funci\u00f3 del motiu pel qual ens els hagis facilitat:<\/p>\n<p>Contactar amb el remitent de la informaci\u00f3, donar resposta a la seva sol\u00b7licitud, petici\u00f3 o consulta i gestionar la publicaci\u00f3 de consultes i comentaris i fer un seguiment posterior.<br \/>Gesti\u00f3 de la relaci\u00f3 amb els clients.<br \/>Gestionar els curr\u00edculums enviats per candidats a llocs laborals en Verdisseny S.L.<br \/>Gestionar, si \u00e9s el cas, la seva comanda i dur a terme la prestaci\u00f3 contractada pel client, la seva facturaci\u00f3 i cobrament.<br \/>Gestionar i controlar la cartera de clients.<br \/>Gesti\u00f3 de la relaci\u00f3 amb els potencials clients.<br \/>Gestionar, si escau, el proc\u00e9s de registre de l&#8217;USUARI en la Plataforma En l\u00ednia.<br \/>Realitzar, si \u00e9s el cas, el perfil d&#8217;USUARI per a oferir-li continguts, productes i serveis d&#8217;una manera personalitzada.<br \/>Gestionar i respondre consultes i den\u00fancies presentades en el \u201ccanal \u00e8tic\u201d<br \/>Durat el tractament de dades<br \/>\u2022 Les dades per a la gesti\u00f3 de la relaci\u00f3 candidats a llocs de treball seran conservats fins que el candidat exerceixi el seu dret a supressi\u00f3.<br \/>\u2022 Les dades per a la gesti\u00f3 de consultes i sol\u00b7licituds es conservaran durant el temps necessari per a donar resposta a aquests, amb un termini m\u00e0xim d&#8217;un any.<br \/>\u2022 Les dades per a l&#8217;enviament de comunicacions comercials i elaboraci\u00f3 de perfils comercials dels nostres productes o serveis seran conservats indefinidament fins que, si \u00e9s el cas, ens manifestis la teva voluntat de suprimir-los.<br \/>\u2022 Les dades per a la gesti\u00f3 i resposta de consultes i den\u00fancies presentades en el \u201cCanal \u00c8tic\u201d es conservaran en tant l&#8217;interessat no sol\u00b7liciti la seva supressi\u00f3, a efectes estad\u00edstics amb la finalitat de provar el compliment del Sistema de Gesti\u00f3 de Compliance penal davant autoritats judicials.<br \/>Legitimaci\u00f3 per al tractament de dades<br \/>\u2022 La base legal per al tractament de les teves dades de les finalitats 1 a 8 \u00e9s l&#8217;execuci\u00f3 de la prestaci\u00f3 del servei corresponent i la d&#8217;informar possibles candidats de possibles vacants que es produeixin en Verdisseny S.L<br \/>\u2022 L&#8217;oferta prospectiva de productes i serveis a clients t\u00e9 com a base la satisfacci\u00f3 de l&#8217;inter\u00e8s leg\u00edtim empresarial consistent a poder oferir als nostres clients la contractaci\u00f3 altres productes o serveis i aconseguir aix\u00ed la seva fidelitzaci\u00f3. Aquest inter\u00e8s leg\u00edtim es reconeix per la normativa legal aplicable (Reglament General de Protecci\u00f3 de Dades), que permet expressament el tractament de dades personals sobre aquesta base legal amb finalitats de m\u00e0rqueting directe.<br \/>No obstant aix\u00f2, et recordem que tens dret a oposar-te a aquest tractament de les teves dades, podent fer-lo per qualsevol dels mitjans descrits en aquesta Pol\u00edtica.<br \/>\u2022 La base de l&#8217;enviament de comunicacions comercials a usuaris no clients \u00e9s el consentiment que s&#8217;ha sol\u00b7licitat, podent ser revocat en qualsevol moment. La retirada d&#8217;aquest consentiment no afectar\u00e0 en cap cas a l&#8217;execuci\u00f3 del contracte, per\u00f2 els tractaments de dades a aquest efecte efectuats amb anterioritat no perdran la seva licitud pel fet que el consentiment s&#8217;hagi revocat.<br \/>\u2022 La base legal per al tractament de dades de la finalitat 9 \u00e9s donar compliment a les obligacions contingudes en l&#8217;art 31 bis numeral 4t del codi penal espanyol<br \/>Comunicaci\u00f3 de les teves dades<\/p>\n<p>Les dades seran comunicades a la seg\u00fcent entitat:<br \/>\u2022 A Verdisseny empresa pertanyent al sector dels serveis auxiliars i l&#8217;objectiu dels quals \u00e9s la integraci\u00f3 social i laboral de persones discapacitades i amb el risc d&#8217;exclusi\u00f3, i que es poden consultar en http:\/\/www.verdisseny.cat amb la finalitat de la gesti\u00f3 de les nostres activitats i el compliment de fins a administratius interns, incl\u00f2s el tractament de dades personals de clients i de candidats. Les dades cedides amb la finalitat 9, podran ser cedits a les Forces i cossos de seguretat de l&#8217;Estat, \u00f2rgans judicials i Ministeri Fiscal.<br \/>Verdisseny, no realitzaran cap transfer\u00e8ncia internacional de les seves dades, excepte si vost\u00e8 ho sol\u00b7licita expressament.<\/p>\n<p>Els teus drets<br \/>Tota persona que ens faciliti les seves dades t\u00e9 els seg\u00fcents drets:<br \/>\u2022 Qualsevol persona t\u00e9 dret a obtenir confirmaci\u00f3 sobre si estem tractant dades personals que ho concerneixin. Les persones interessades tenen dret a accedir a les seves dades personals, aix\u00ed com a sol\u00b7licitar la rectificaci\u00f3 de les dades inexactes o, si \u00e9s el cas, sol\u00b7licitar la seva supressi\u00f3 quan, entre altres motius, les dades ja no siguin necessaris per als fins per als quals van ser recollits.<br \/>\u2022 En les condicions previstes en el Reglament General de Protecci\u00f3 de Dades, els interessats podran sol\u00b7licitar la limitaci\u00f3 del tractament de les seves dades o la seva portabilitat, i en aquest cas \u00fanicament els conservarem per a l&#8217;exercici o la defensa de reclamacions.<br \/>\u2022 En determinades circumst\u00e0ncies i per motius relacionats amb la seva situaci\u00f3 particular, els interessats podran oposar-se al tractament de les seves dades. Si has atorgat el consentiment per a alguna finalitat espec\u00edfica, tens dret a retirar-lo en qualsevol moment, sense que aix\u00f2 afecti la licitud del tractament basat en el consentiment previ a la seva retirada. En aquests sup\u00f2sits deixarem de tractar les dades o, si \u00e9s el cas, deixarem de fer-ho per a aquesta finalitat en concret, excepte per motius leg\u00edtims imperiosos o l&#8217;exercici o la defensa de possibles reclamacions.<br \/>\u2022 L&#8217;interessat, podr\u00e0 sol\u00b7licitar que Verdisseny transmeti les dades que obren en el seu poder a un altre \u201cresponsable del tractament\u201d.<br \/>Tots els drets esmentats poden exercir-se a trav\u00e9s dels mitjans de contacte que figuren en l&#8217;apartat \u201cresponsable del tractament\u201d d&#8217;aquesta Pol\u00edtica de Privacitat o posant-se en contacte amb el Delegat de Protecci\u00f3 de Dades de Verdisseny S.L.<\/p>\n<p>Verdisseny S.L. t\u00e9 implantada una Pol\u00edtica de Protecci\u00f3 de Dades pr\u00f2pia, si vols con\u00e8ixer la mateixa, pot dirigir-se al Delegat de Protecci\u00f3 de Dades el qual facilitar\u00e0 la mateixa als leg\u00edtims interessats.<br \/>Enfront de qualsevol vulneraci\u00f3 dels teus drets, especialment quan no hagis obtingut satisfacci\u00f3 en el seu exercici, pots presentar una reclamaci\u00f3 davant l&#8217;Ag\u00e8ncia Espanyola de Protecci\u00f3 de Dades (dades de contacte accessibles en www.agpd.es) o una altra autoritat de control competent. Tamb\u00e9 pots obtenir m\u00e9s informaci\u00f3 sobre els drets que t&#8217;assisteixen dirigint-te a aquests organismes.<br \/>Dades de tercers<br \/>Si facilites dades de tercers, assumeixes la responsabilitat d&#8217;informar-los pr\u00e8viament de tot el que es preveu en l&#8217;article 14 del Reglament General de Protecci\u00f3 de Dades en les condicions establertes en aquest precepte, en qualsevol cas, no s&#8217;acceptaran dades de menors remesos per la p\u00e0gina web.<\/p>\n<p>6\u00b0 PROPIETAT INTEL\u00b7LECTUAL I INDUSTRIAL.<\/p>\n<p>L&#8217;usuari en accedir al lloc web, aix\u00ed com als serveis oferts, reconeix i accepta expressament sobre els drets de propietat intel\u00b7lectual i industrial del lloc web i els elements que l&#8217;integren la titularitat de les empreses de Verdisseny sobre els mateixos.<br \/>A t\u00edtol merament enunciatiu, aquesta titularitat aconsegueix: la p\u00e0gina en si, pantalles, la informaci\u00f3 i materials inclosos en aquest, l&#8217;estructura, selecci\u00f3, ordenaci\u00f3 i presentaci\u00f3 dels seus continguts, els programes d&#8217;ordinador, missatges, textos, gr\u00e0fics, dibuixos, arxius de so i\/o imatge, fotografies, gravacions, programes d&#8217;ordinador (\u201cProgramari\u201d), bases de dades, tecnologia, equips inform\u00e0tics, know-how, marques, signes distintius, logos, noms de domino i, en general, qualsevol classe de creaci\u00f3 o material accessible a trav\u00e9s del lloc web.<br \/>Aix\u00ed mateix, en cas d&#8217;existir, i estiguin aix\u00ed identificats en la web, l&#8217;usuari reconeix i accepta, l&#8217;exist\u00e8ncia de drets de propietat industrial i intel\u00b7lectual de tercers sobre part dels elements anteriorment esmentats, que igualment s&#8217;obliga a respectar.<br \/>Quant als continguts i serveis proporcionats en la web, Verdisseny \u00fanicament autoritza l&#8217;\u00fas dels mateixos per a la seva utilitzaci\u00f3 personal per cadascun dels usuaris, sense que a aquests els estigui perm\u00e8s realitzar, ni directa ni indirectament, un \u00fas comercial ni dels serveis ni dels materials, elements i informaci\u00f3 obtinguts a trav\u00e9s d&#8217;aquests. En conseq\u00fc\u00e8ncia, l&#8217;usuari nom\u00e9s podr\u00e0 descarregar els continguts, copiar o imprimir qualsevol p\u00e0gina d&#8217;aquesta Web per al seu \u00fas privat i, sempre que, aix\u00f2 no suposi infringir el copyright o qualsevol altre dret de Verdisseny o de tercers. En cap cas aquesta autoritzaci\u00f3 de c\u00f2pia privada, implica la concessi\u00f3 de llic\u00e8ncia o dret d&#8217;explotaci\u00f3 algun a favor de l&#8217;usuari.<br \/>Tret que de manera pr\u00e8via i expressa sigui autoritzat Verdisseny o, si \u00e9s el cas, pels tercers, l&#8217;usuari no podr\u00e0 reproduir, transformar, modificar, desencadellar, realitzar enginyeria inversa, distribuir, llogar, prestar, exhibir, transmetre, retransmetre, digitalitzar, traduir, adaptar, posar a disposici\u00f3 o permetre l&#8217;acc\u00e9s al p\u00fablic a trav\u00e9s de qualsevol modalitat de comunicaci\u00f3 p\u00fablica de cap dels elements referits en els par\u00e0grafs anteriors.<\/p>\n<p>7\u00e8 COOKIES.<\/p>\n<p>Les cookies es defineixen com a fitxers de text que el lloc web envia al navegador i que s&#8217;emmagatzemen en l&#8217;equip de l&#8217;usuari amb la finalitat d&#8217;emmagatzemar i recuperar informaci\u00f3 sobre la navegaci\u00f3 que es realitza des d&#8217;aquest equip (ordinador, tel\u00e8fon m\u00f2bil, tauleta, etc.\u2026).<br \/>La nostra web utilitza cookies pr\u00f2pies i de tercers amb la finalitat de millorar els serveis de navegaci\u00f3. L&#8217;USUARI pot rebutjar o deshabilitar l&#8217;\u00fas de les cookies a trav\u00e9s de les opcions del seu navegador, tal com s&#8217;indica a continuaci\u00f3.<br \/>Per aix\u00f2, Verdisseny donant compliment del qual es preveu en la Llei de servei de Societat de la Informaci\u00f3 i de Comer\u00e7 Electr\u00f2nic (LSSICE), modificada recentment per el \u201cReial decret llei 13\/2012\u201d, de 30 de mar\u00e7, que transposa a l&#8217;ordenament jur\u00eddic espanyol la Directiva 2002\/58\/CE, relativa al tractament de les dades personals i a la protecci\u00f3 de la intimitat en el sector de les comunicacions electr\u00f2niques, informa l&#8217;usuari de manera clara i completa que la seva p\u00e0gina web (www.grupoosga.com) utilitza i podr\u00e0 utilitzar cookies de tercers com, per exemple, a t\u00edtol enunciatiu que no limitatiu, Google Analytics, Quantcast, Adroll, AppNexus i ic.tynt, necess\u00e0ries per a la prestaci\u00f3 dels seus serveis.<br \/>Aquestes cookies seran utilitzades per Verdisseny amb la finalitat d&#8217;obtenir informaci\u00f3 de l&#8217;usuari que navega en la p\u00e0gina, recol\u00b7lectar informaci\u00f3 de l&#8217;usuari, amb la finalitat de millorar la qualitat dels serveis prestats.<br \/>En funci\u00f3 de la seva perman\u00e8ncia i de la finalitat per a la qual s&#8217;utilitzin les dades obtingudes a trav\u00e9s de les cookies, existeixen diversos tipus.<br \/>Aix\u00ed, inicialment les cookies poden ser \u201cde sessi\u00f3\u201d, aquestes expiren quan l&#8217;usuari acaba la navegaci\u00f3 i tanca l&#8217;explorador, i \u201cpermanents\u201d que expiren quan hagin complert la funci\u00f3 perqu\u00e8 estan concebudes o quan l&#8217;usuari les esborra.<br \/>Igualment, depenent de la finalitat per a la qual s&#8217;utilitzen, les cookies poden ser:<br \/>Cookies anal\u00edtiques. \u2013 Les cookies anal\u00edtiques recullen informaci\u00f3 per a avaluar l&#8217;\u00fas que vost\u00e8 fa de la Web i l&#8217;activitat general d&#8217;aquesta. L&#8217;anal\u00edtica de la Web \u00e9s la mesura, recol\u00b7lecci\u00f3, an\u00e0lisi i creaci\u00f3 d&#8217;informes de les dades d&#8217;Internet amb el prop\u00f2sit d&#8217;entendre i optimitzar l&#8217;\u00fas de lloc web.<br \/>Cookies socials. \u2013 Les cookies socials s\u00f3n necess\u00e0ries per a les xarxes socials externes (Facebook, Google+, Twitter, Pinterest, Discus, etc\u2026). La seva funci\u00f3 \u00e9s controlar la interacci\u00f3 amb els ginys socials amb la web.<br \/>Cookies d&#8217;afiliats. \u2013 Les cookies d&#8217;afiliats permeten fer un seguiment de les visites procedents altres Webs, amb les quals Verdisseny t\u00e9 un contracte d&#8217;afiliaci\u00f3.<br \/>Cookies de publicitat i comportamentals. \u2013 Les cookies de publicitat i comportamentals recullen informaci\u00f3 sobre les seves prefer\u00e8ncies i eleccions personals en aquest lloc web. Permeten adequar el contingut de la publicitat perqu\u00e8 aquesta sigui rellevant per a l&#8217;usuari i per a evitar mostrar anuncis que l&#8217;usuari ja hagi vist.<br \/>Cookies t\u00e8cniques. \u2013 Les cookies t\u00e8cniques s\u00f3n les estrictament necess\u00e0ries per a l&#8217;\u00fas d&#8217;aquest lloc web, permeten a l&#8217;usuari la navegaci\u00f3 a trav\u00e9s de la p\u00e0gina Web o aplicaci\u00f3 i la utilitzaci\u00f3 de les diferents opcions o serveis que en ella existeixen.<\/p>\n<p>Cookies de personalitzaci\u00f3. \u2013 S\u00f3n aquelles que permeten a l&#8217;usuari accedir al servei amb algunes caracter\u00edstiques de car\u00e0cter general predefinides en la seva terminal o que el propi usuari defineixi. Per exemple, l&#8217;idioma, el tipus de navegador a trav\u00e9s del qual accedeix al servei, el disseny de continguts seleccionat, geolocalitzaci\u00f3 del terminal i la configuraci\u00f3 regional des d&#8217;on s&#8217;accedeix al servei.<br \/>Cookies de tercers. \u2013 En algunes p\u00e0gines Web es poden instal\u00b7lar cookies de tercers que permeten gestionar i millorar els serveis oferts.<br \/>Aquesta llista de cookies utilitzades podr\u00e0 modificar-se en funci\u00f3 de la incorporaci\u00f3, modificaci\u00f3 o exclusi\u00f3 de serveis en les webs i aplicacions.<br \/>Per a gestionar l&#8217;activitat de les cookies des del seu equip, vost\u00e8 pot acceptar-les expressament, bloquejar-les o eliminar-les. En cas que no ho faci i continu\u00ef navegant en la web, s&#8217;entendr\u00e0 que les accepta.<br \/>Si volgu\u00e9s retirar en qualsevol moment el seu consentiment a l&#8217;\u00fas de cookies, haur\u00e0 d&#8217;eliminar les cookies emmagatzemades en el seu equip (ordinador o dispositiu m\u00f2bil) a trav\u00e9s dels ajustos i configuracions del seu propi navegador d&#8217;Internet.<br \/>Per a con\u00e8ixer la forma en la qual configurar la gesti\u00f3 de cookies en el seu navegador pot consultar els seg\u00fcents links dels principals navegadors i dispositius:<br \/>Per a Internet Explorer\u2122:<br \/>http:\/\/windows.microsoft.com\/es-es\/windows-vista\/block-or-allow-cookies<br \/>http:\/\/www.apple.com\/es\/privacy\/use-of-cookies\/<br \/>Per a Chrome\u2122:<br \/>https:\/\/support.google.com\/accounts\/answer\/61416?hl=es<br \/>Per a Firefox\u2122:<br \/>https:\/\/support.mozilla.org\/es\/kb\/habilitar-y-deshabilitar-cookies-que-los-sitios-we<br \/>Per a Opera\u2122:<br \/>http:\/\/help.opera.com\/linux\/10.60\/es-es\/cookies.html<br \/>Per a Android<br \/>https:\/\/support.google.com\/android\/?hl=es<br \/>Per a Windows Phone<br \/>http:\/\/www.windowsphone.com\/es-es\/how-to\/wp7\/web\/changing-privacy-and-other-browser-settings<br \/>Per a Blackberry<br \/>http:\/\/docs.blackberry.com\/es-es\/smartphone_users\/deliverables\/33266\/turn off_cookiesin_the_browser_60_1072866_11.jsp<br \/>Expressament s&#8217;adverteix a l&#8217;USUARI que el bloqueig de l&#8217;\u00fas de cookies en la seva navegaci\u00f3, pot fer que alguns serveis o funcions del lloc web no estiguin disponibles.<\/p>\n<p>8\u00e8 ENLLA\u00c7OS.<\/p>\n<p>Verdisseny nom\u00e9s autoritza la creaci\u00f3 d&#8217;enlla\u00e7os als seus llocs web quan es realitzin complint les condicions a continuaci\u00f3 es detallen.<br \/>En cas que l&#8217;usuari desitgi incloure en un lloc web un enlla\u00e7 a qualsevol dels llocs web de Verdisseny, aquest enlla\u00e7 no podr\u00e0 donar lloc a cap confusi\u00f3 respecte a l&#8217;abs\u00e8ncia de vinculaci\u00f3 entre Verdisseny i el propi usuari, ni podr\u00e0 induir a creure o percebre que qualsevol dels continguts del lloc web de l&#8217;usuari ha estat realitzats per o compten amb l&#8217;aprovaci\u00f3 o el suport de Verdisseny\u00a0 tret que la mateixa sigui expr\u00e9s.<br \/>La p\u00e0gina web en la qual s&#8217;estableixi l&#8217;enlla\u00e7 no contindr\u00e0 cap marca nomeni comercial, denominaci\u00f3, logotip o altres signes dels quals sigui titular Verdisseny , excepte aquells que figurin en el propi enlla\u00e7 o expressament Verdisseny\u00a0 autoritzi el seu \u00fas.<br \/>L&#8217;usuari haur\u00e0 d&#8217;establir l&#8217;enlla\u00e7 de manera que els usuaris d&#8217;Internet que ho utilitzin accedeixin i vegin el contingut \u00edntegre\/\u00edntegre i la configuraci\u00f3 que tingui a cada moment la p\u00e0gina d&#8217;inici del lloc web de Verdisseny, sense que aquest contingut, ni en tot ni en part, aparegui emmarcat pel lloc web en el qual s&#8217;inclogui l&#8217;enlla\u00e7 o per qualsevol dels continguts d&#8217;aquest i sense que el contingut del lloc de Verdisseny aparegui inserit, superposat o aparegui de qualsevol forma juntament amb altres continguts, ja siguin informatius, publicitaris o de qualsevol altre tipus que no siguin els propis de la p\u00e0gina d&#8217;inici de Verdisseny. En aquest sentit, no es realitzaran operacions de framing\u201d ni qualsevol altra operaci\u00f3 que impedeixi als usuaris d&#8217;Internet que utilitzin l&#8217;enlla\u00e7 poder veure el lloc web de Verdisseny en les mateixes condicions en les quals el veuria qualsevol altre usuari que hagu\u00e9s tingut acc\u00e9s al mateix directament.<br \/>L&#8217;usuari s&#8217;abstindr\u00e0 de realitzar qualsevol actuaci\u00f3 que pogu\u00e9s resultar en una desviaci\u00f3 de tr\u00e0nsit del lloc de Verdisseny. En particular, l&#8217;usuari s&#8217;abstindr\u00e0 d&#8217;introduir, ja sigui com metatag o d&#8217;una altra forma en el codi font del seu lloc web qualsevol paraula clau que identifiqui un contingut o producte propi de Verdisseny i la inclusi\u00f3 del qual no resulti justificada per l&#8217;exist\u00e8ncia de continguts o productes similars de l&#8217;usuari.<br \/>Queda expressament prohibit l&#8217;establiment d&#8217;enlla\u00e7os des de llocs web en els quals s&#8217;incloguin continguts, vincles, publicitat o qualsevol altre material que poguessin danyar la imatge de Verdisseny, els seus treballadors, clients, i\/o prove\u00efdors, incloent, en particular, aquells materials: contraris a la Llei, a l&#8217;ordre p\u00fablic o als costums generalment acceptats; que infringeixin drets de tercers; que denigrin els productes i serveis de Verdisseny o dels seus competidors; sexuals o violents; que promoguin qualsevol tipus de discriminaci\u00f3 racial, sexual, religiosa, d&#8217;edat o d&#8217;orientaci\u00f3 sexual i qualsevol altre contingut que a lliure criteri de Verdisseny no resulti compatible amb els drets, imatge o interessos de Verdisseny, els seus treballadors, clients, i\/o prove\u00efdors.<\/p>\n<p>9\u00e8 GARANTIES I RESPONSABILITATS.<\/p>\n<p>Verdisseny , duu a terme tots els esfor\u00e7os necessaris per a garantir la disponibilitat i continu\u00eftat del Lloc web, aix\u00ed com dels serveis vinculats a aquest. No obstant aix\u00f2, Verdisseny no garanteix en cap cas que el Lloc web i els serveis vinculats al mateix funcionin correctament en tot moment, que l&#8217;usuari pugui accedir a ells i utilitzar-los de manera r\u00e0pida, ininterrompuda i lliure d&#8217;errors. De la mateixa forma, Verdisseny no atorga cap garantia respecte a la idone\u00eftat i contingut del Lloc web o de qualsevol dels serveis vinculats al mateix per a la satisfacci\u00f3 de les necessitats espec\u00edfiques de l&#8217;usuari.<br \/>Verdisseny actuar\u00e0 diligentment segons els usos generals acceptats, per a evitar la pres\u00e8ncia en el Lloc web, o en algun dels serveis vinculats a aquest, de virus o altres elements lesius que poguessin causar alteracions en el sistema inform\u00e0tic de l&#8217;usuari, en els seus documents electr\u00f2nics o en els seus fitxers, per\u00f2 no pot garantir l&#8217;abs\u00e8ncia de tals elements, no sent responsable pels danys i perjudicis que aix\u00f2 pogu\u00e9s ocasionar.<br \/>Verdisseny no controla, ni fa propis, ni garanteix l&#8217;exactitud, qualitat, veracitat, fiabilitat o idone\u00eftat de les informacions i serveis facilitats o prestats per tercers a trav\u00e9s del Lloc web. D&#8217;igual forma, Verdisseny no controla, i no garanteix, l&#8217;abs\u00e8ncia de virus o altres elements lesius en els continguts o serveis facilitats o prestats per tercers a trav\u00e9s del Lloc web.<br \/>Verdisseny no garanteix la disponibilitat t\u00e8cnica, qualitat, fiabilitat, exactitud o veracitat dels continguts i serveis disponibles en llocs pertanyents o gestionats per tercers als quals l&#8217;usuari pugui accedir mitjan\u00e7ant dispositius t\u00e8cnics d&#8217;enlla\u00e7 (\u201clinks\u201d) des del Lloc web. Verdisseny no controla el contingut d&#8217;aquests llocs web ni ofereix ni comercialitza els productes i serveis disponibles en els llocs web aix\u00ed enlla\u00e7ats, ni assumeix en conseq\u00fc\u00e8ncia cap responsabilitat per aquests.<\/p>\n<p>10\u00e8 MODIFICACIONS<\/p>\n<p>Verdisseny es reserva el dret d&#8217;efectuar sense previ av\u00eds totes aquelles modificacions que consideri oportunes en els seus websites, podent modificar, eliminar o afegir tant els continguts i serveis que es prestin a trav\u00e9s de la mateixa com la forma en la qual aquests apareguin presentats o localitzats en els seus websites.<\/p>\n<p>11\u00e8 MODIFICACI\u00d3 DE LES PRESENTS CONDICIONS I DURADA<\/p>\n<p>Verdisseny podr\u00e0 modificar en qualsevol moment les condicions generals aqu\u00ed determinades, aix\u00ed com aquelles altres particulars que s&#8217;informin, sent degudament publicades com aqu\u00ed apareixen.<br \/>La vig\u00e8ncia de les citades condicions anir\u00e0 en funci\u00f3 de la seva exposici\u00f3 i estaran vigents fins que siguin modificades per unes altres degudament publicades.<\/p>\n<p>12\u00e8 DRET D&#8217;EXCLUSI\u00d3<\/p>\n<p>Verdisseny es reserva el dret a denegar o retirar l&#8217;acc\u00e9s als seus websites i\/o els serveis oferts sense necessitat de preav\u00eds, a inst\u00e0ncia pr\u00f2pia o d&#8217;un tercer, a aquells usuaris que incompleixin les presents Condicions Generals d&#8217;\u00das<\/p>\n<p>13\u00e8 GENERALITATS<\/p>\n<p>Verdisseny perseguir\u00e0 l&#8217;incompliment de les presents condicions, aix\u00ed com qualsevol utilitzaci\u00f3 indeguda dels seus websites exercint totes les accions civils i penals que li puguin correspondre en dret.<\/p>\n<p>14\u00e8 VIG\u00c8NCIA DE LES CONDICIONS GENERALS D&#8217;ACC\u00c9S A LA WEB<\/p>\n<p>Les presents Condicions Generals d&#8217;\u00das han estat creades amb data 01\/06\/2018 sent aquesta versi\u00f3 implementada el 07\/01\/2020. En qualsevol moment podem procedir a la seva modificaci\u00f3: si us plau, comprovi la data d&#8217;emissi\u00f3 en cada ocasi\u00f3 en qu\u00e8 es connecti en la nostra p\u00e0gina Web i aix\u00ed tindr\u00e0 la certesa que no s&#8217;ha produ\u00eft cap modificaci\u00f3 que ho afecti.<\/p>\n<p>15\u00e8 LEGISLACI\u00d3 APLICABLE I JURISDICCI\u00d3<\/p>\n<p>Aquesta p\u00e0gina Web es regeix exclusivament per la normativa aplicable a Espanya, quedant sotmesa a ella, tant nacionals com estrangers que utilitzin aquesta Web, a exclusi\u00f3 de qualsevol altra.<br \/>Amb ren\u00fancia expressa al seu propi fur les empreses de Verdisseny i els usuaris del lloc web sotmeten qualsevol q\u00fcesti\u00f3 litigiosa sorgida o que pugui sorgir als Jutjats i Tribunals de Logronyo en qualsevol altre cas.<\/p>\n<p>[\/et_pb_text][\/et_pb_column][\/et_pb_row][\/et_pb_section]<\/p>\n","protected":false},"excerpt":{"rendered":"<p>Av\u00eds Legal Verdisseny SL 1r IDENTIFICACI\u00d3 DEL PROPIETARI DE LA WEB. Donant compliment amb el que es preveu en la Llei 34\/2002, d&#8217;11 de juliol, de Serveis de la Societat de la Informaci\u00f3 i de Comer\u00e7 Electr\u00f2nic i en la Directiva 2000\/31\/CE, del Parlament Europeu i del Consell, de 8 de juny, Relativa a Determinats [&hellip;]<\/p>\n","protected":false},"author":2,"featured_media":0,"parent":0,"menu_order":0,"comment_status":"closed","ping_status":"closed","template":"","meta":{"_et_pb_use_builder":"on","_et_pb_old_content":"","_et_gb_content_width":"","footnotes":""},"class_list":["post-97","page","type-page","status-publish","hentry"],"yoast_head":"<!-- This site is optimized with the Yoast SEO plugin v27.4 - https:\/\/yoast.com\/product\/yoast-seo-wordpress\/ -->\n<title>Av\u00eds legal - Verdisseny<\/title>\n<meta name=\"robots\" content=\"index, follow, max-snippet:-1, max-image-preview:large, max-video-preview:-1\" \/>\n<link rel=\"canonical\" href=\"https:\/\/www.verdisseny.cat\/?page_id=97\" \/>\n<meta property=\"og:locale\" content=\"es_ES\" \/>\n<meta property=\"og:type\" content=\"article\" \/>\n<meta property=\"og:title\" content=\"Av\u00eds legal - Verdisseny\" \/>\n<meta property=\"og:description\" content=\"Av\u00eds Legal Verdisseny SL 1r IDENTIFICACI\u00d3 DEL PROPIETARI DE LA WEB. Donant compliment amb el que es preveu en la Llei 34\/2002, d&#039;11 de juliol, de Serveis de la Societat de la Informaci\u00f3 i de Comer\u00e7 Electr\u00f2nic i en la Directiva 2000\/31\/CE, del Parlament Europeu i del Consell, de 8 de juny, Relativa a Determinats [&hellip;]\" \/>\n<meta property=\"og:url\" content=\"https:\/\/www.verdisseny.cat\/?page_id=97\" \/>\n<meta property=\"og:site_name\" content=\"Verdisseny\" \/>\n<meta property=\"article:modified_time\" content=\"2025-07-28T10:50:38+00:00\" \/>\n<meta name=\"twitter:card\" content=\"summary_large_image\" \/>\n<meta name=\"twitter:label1\" content=\"Tiempo de lectura\" \/>\n\t<meta name=\"twitter:data1\" content=\"24 minutos\" \/>\n<script type=\"application\/ld+json\" class=\"yoast-schema-graph\">{\"@context\":\"https:\\\/\\\/schema.org\",\"@graph\":[{\"@type\":\"WebPage\",\"@id\":\"https:\\\/\\\/www.verdisseny.cat\\\/?page_id=97\",\"url\":\"https:\\\/\\\/www.verdisseny.cat\\\/?page_id=97\",\"name\":\"Av\u00eds legal - Verdisseny\",\"isPartOf\":{\"@id\":\"https:\\\/\\\/www.verdisseny.cat\\\/#website\"},\"datePublished\":\"2025-07-28T08:26:37+00:00\",\"dateModified\":\"2025-07-28T10:50:38+00:00\",\"breadcrumb\":{\"@id\":\"https:\\\/\\\/www.verdisseny.cat\\\/?page_id=97#breadcrumb\"},\"inLanguage\":\"es\",\"potentialAction\":[{\"@type\":\"ReadAction\",\"target\":[\"https:\\\/\\\/www.verdisseny.cat\\\/?page_id=97\"]}]},{\"@type\":\"BreadcrumbList\",\"@id\":\"https:\\\/\\\/www.verdisseny.cat\\\/?page_id=97#breadcrumb\",\"itemListElement\":[{\"@type\":\"ListItem\",\"position\":1,\"name\":\"Portada\",\"item\":\"https:\\\/\\\/www.verdisseny.cat\\\/\"},{\"@type\":\"ListItem\",\"position\":2,\"name\":\"Av\u00eds legal\"}]},{\"@type\":\"WebSite\",\"@id\":\"https:\\\/\\\/www.verdisseny.cat\\\/#website\",\"url\":\"https:\\\/\\\/www.verdisseny.cat\\\/\",\"name\":\"Verdisseny\",\"description\":\"Facility Services\",\"potentialAction\":[{\"@type\":\"SearchAction\",\"target\":{\"@type\":\"EntryPoint\",\"urlTemplate\":\"https:\\\/\\\/www.verdisseny.cat\\\/?s={search_term_string}\"},\"query-input\":{\"@type\":\"PropertyValueSpecification\",\"valueRequired\":true,\"valueName\":\"search_term_string\"}}],\"inLanguage\":\"es\"}]}<\/script>\n<!-- \/ Yoast SEO plugin. -->","yoast_head_json":{"title":"Av\u00eds legal - Verdisseny","robots":{"index":"index","follow":"follow","max-snippet":"max-snippet:-1","max-image-preview":"max-image-preview:large","max-video-preview":"max-video-preview:-1"},"canonical":"https:\/\/www.verdisseny.cat\/?page_id=97","og_locale":"es_ES","og_type":"article","og_title":"Av\u00eds legal - Verdisseny","og_description":"Av\u00eds Legal Verdisseny SL 1r IDENTIFICACI\u00d3 DEL PROPIETARI DE LA WEB. Donant compliment amb el que es preveu en la Llei 34\/2002, d'11 de juliol, de Serveis de la Societat de la Informaci\u00f3 i de Comer\u00e7 Electr\u00f2nic i en la Directiva 2000\/31\/CE, del Parlament Europeu i del Consell, de 8 de juny, Relativa a Determinats [&hellip;]","og_url":"https:\/\/www.verdisseny.cat\/?page_id=97","og_site_name":"Verdisseny","article_modified_time":"2025-07-28T10:50:38+00:00","twitter_card":"summary_large_image","twitter_misc":{"Tiempo de lectura":"24 minutos"},"schema":{"@context":"https:\/\/schema.org","@graph":[{"@type":"WebPage","@id":"https:\/\/www.verdisseny.cat\/?page_id=97","url":"https:\/\/www.verdisseny.cat\/?page_id=97","name":"Av\u00eds legal - Verdisseny","isPartOf":{"@id":"https:\/\/www.verdisseny.cat\/#website"},"datePublished":"2025-07-28T08:26:37+00:00","dateModified":"2025-07-28T10:50:38+00:00","breadcrumb":{"@id":"https:\/\/www.verdisseny.cat\/?page_id=97#breadcrumb"},"inLanguage":"es","potentialAction":[{"@type":"ReadAction","target":["https:\/\/www.verdisseny.cat\/?page_id=97"]}]},{"@type":"BreadcrumbList","@id":"https:\/\/www.verdisseny.cat\/?page_id=97#breadcrumb","itemListElement":[{"@type":"ListItem","position":1,"name":"Portada","item":"https:\/\/www.verdisseny.cat\/"},{"@type":"ListItem","position":2,"name":"Av\u00eds legal"}]},{"@type":"WebSite","@id":"https:\/\/www.verdisseny.cat\/#website","url":"https:\/\/www.verdisseny.cat\/","name":"Verdisseny","description":"Facility Services","potentialAction":[{"@type":"SearchAction","target":{"@type":"EntryPoint","urlTemplate":"https:\/\/www.verdisseny.cat\/?s={search_term_string}"},"query-input":{"@type":"PropertyValueSpecification","valueRequired":true,"valueName":"search_term_string"}}],"inLanguage":"es"}]}},"_links":{"self":[{"href":"https:\/\/www.verdisseny.cat\/index.php?rest_route=\/wp\/v2\/pages\/97","targetHints":{"allow":["GET"]}}],"collection":[{"href":"https:\/\/www.verdisseny.cat\/index.php?rest_route=\/wp\/v2\/pages"}],"about":[{"href":"https:\/\/www.verdisseny.cat\/index.php?rest_route=\/wp\/v2\/types\/page"}],"author":[{"embeddable":true,"href":"https:\/\/www.verdisseny.cat\/index.php?rest_route=\/wp\/v2\/users\/2"}],"replies":[{"embeddable":true,"href":"https:\/\/www.verdisseny.cat\/index.php?rest_route=%2Fwp%2Fv2%2Fcomments&post=97"}],"version-history":[{"count":8,"href":"https:\/\/www.verdisseny.cat\/index.php?rest_route=\/wp\/v2\/pages\/97\/revisions"}],"predecessor-version":[{"id":215,"href":"https:\/\/www.verdisseny.cat\/index.php?rest_route=\/wp\/v2\/pages\/97\/revisions\/215"}],"wp:attachment":[{"href":"https:\/\/www.verdisseny.cat\/index.php?rest_route=%2Fwp%2Fv2%2Fmedia&parent=97"}],"curies":[{"name":"wp","href":"https:\/\/api.w.org\/{rel}","templated":true}]}}